{"id":1344,"date":"2015-11-25T11:23:34","date_gmt":"2015-11-25T10:23:34","guid":{"rendered":"https:\/\/excellence-esthetique.fr\/?page_id=1344"},"modified":"2019-06-25T01:30:30","modified_gmt":"2019-06-25T00:30:30","slug":"facelifts","status":"publish","type":"page","link":"https:\/\/excellence-esthetique.fr\/en\/facelifts\/","title":{"rendered":"Facelifts"},"content":{"rendered":"<p style=\"text-align: justify;\"><em><strong>What is a facelift?<\/strong><\/em><\/p>\n<hr>\n<p><strong>The face is a reflection of our personality, our emotions, but also the passing of time.<\/strong><\/p>\n<ul>\n<li style=\"font-weight: 400;\"><b>The facelift or facial rejuvenation surgery<\/b><span style=\"font-weight: 400;\">, aims to improve sagging facial features, clears the face and restores its vitality, while retaining the expression of the face. The lift allows for a sustainable slowdown of the aging process on the face.<\/span><\/li>\n<li style=\"font-weight: 400;\"><b>The effects of facelifts have to adapt to the demands<\/b><span style=\"font-weight: 400;\">: some people want to change the shape of their face, eyes, etc... in addition to the rejuvenating effect. The majority, however, prefer a rejuvenation\u00a0done without changing the expression and facial features: it is then a natural rejuvenation.<\/span><\/li>\n<li style=\"font-weight: 400;\"><b>Can we treat only a portion of the face? <\/b><span style=\"font-weight: 400;\">Yes. Some \u201cbeginner\u201d signs of facial aging (especially around the eyes, or the neck) are perfectly enhanced by localized facelifts, or sometimes by a blepharoplasty or other medical rejuvenation processes.<\/span><\/li>\n<li style=\"font-weight: 400;\"><span style=\"font-weight: 400;\">However, when there is an aging of whole face, it is best to rejuvenate the entire face to avoid creating an imbalance in harmony.<\/span><\/li>\n<\/ul>\n<p><span style=\"font-weight: 400;\">The results are sustainable in general and, although the aging process is not prevented by the intervention, the benefit of the facelift will remain even several years later.<\/span><\/p>\n<p><span style=\"font-weight: 400;\">Click here to view our before \/ after photos of rejuvenation surgery<\/span><\/p>\n<p><img loading=\"lazy\" class=\"alignnone wp-image-752\" src=\"https:\/\/excellence-esthetique.fr\/wp-content\/uploads\/Avant-Lift-3-Face-245x353.jpg\" alt=\"Avant Lift (3) - Face\" width=\"178\" height=\"255\">\u00a0 <img loading=\"lazy\" class=\" wp-image-749\" src=\"https:\/\/excellence-esthetique.fr\/wp-content\/uploads\/Apr%C3%A8s-Lift-3-Face-245x362.jpg\" alt=\"Modified 08\/05\/14 13:12 AlterImage\u00ae V3.50\" width=\"174\" height=\"257\"><\/p>\n<p style=\"text-align: justify;\"><em><strong>Why have a facelift?<\/strong><\/em><\/p>\n<hr>\n<ul>\n<li><span style=\"font-weight: 400;\">The purpose of a facelift is to\u00a0set back and reposition the structures that have changed over time.<\/span><\/li>\n<li><span style=\"font-weight: 400;\">Facelifts\u00a0enhance the volume of the facial compartments and restore their harmony. This allows both the face and the neck to restore their previous look.<\/span><\/li>\n<li><span style=\"font-weight: 400;\">In some rare cases, a change in the shape and appearance of the face is also required, and can be obtained through certain associated techniques (implants, changes in the shape of the eyes, etc...).\u00a0<\/span><strong>In fact, there is not one single facelift, but several facelifts, which are set according to the anatomical regions treated. Here are the different types:<\/strong><\/li>\n<li><b>The frontotemporal facelift, <\/b><span style=\"font-weight: 400;\">which treats the forehead and eyes, mainly to enhance the\u00a0tail\u00a0of the eyebrows.<\/span><\/li>\n<li><b>Cervio-facial lift<\/b><span style=\"font-weight: 400;\">, which is for the lower face and neck<\/span><\/li>\n<li><b>The medio-facial lift , <\/b><span style=\"font-weight: 400;\">which treats the cheeks, lower eyelids and lower face. It is rarely done alone and usually complements a frontotemporal facelift or cervicofacial lift.<\/span><\/li>\n<li><span style=\"font-weight: 400;\">Facelifts accompanied by lipofilling (fat reinjection into the hollow parts of the face).<\/span><\/li>\n<li><b>The endoscopic facelift, <\/b><span style=\"font-weight: 400;\"><span style=\"font-weight: 400;\">which is designed to correct the signs of aging in the upper third of the face, by realizing 5 small incisions about 1 cm hidden in hair. The residual scars are almost invisible! Endoscopy is a surgical technique used for many years in many specialties.\u00a0<\/span><\/span>It is a procedure where a mini camera is introduced and a special set of instruments are used. This often minimizes operative trauma and significantly reduces\u00a0surgical scars. The endoscopic facelift corrects alterations in the upper part of the face and replace the \"tired\" look with a fresher and relaxed appearance.<\/li>\n<li><span style=\"font-weight: 400;\">The operation, performed as well in women as in men, can be performed\u00a0from40 years of age.<\/span><\/li>\n<li><span style=\"font-weight: 400;\">However, sometimes facelifts can take place at a much younger age when the unwanted features occur either due to hereditary reasons and are not related to age as in wrinkles caused by muscle hyperactivity.<\/span><\/li>\n<li><span style=\"font-weight: 400;\">Finally, there is no age limit: only indications related to health can prevent an intervention. <\/span><\/li>\n<\/ul>\n<blockquote>\n<p style=\"text-align: justify;\"><em><strong>The consultation<\/strong><\/em><\/p>\n<\/blockquote>\n<hr>\n<p><span style=\"font-weight: 400;\">The type of facelift is decided during the consultation. It is the result of an agreement between the desires of the patient, morphological constraints of their face (skin quality for example) and the respect of the harmony of the face.<\/span><\/p>\n<ul>\n<li><span style=\"font-weight: 400;\">One must underline\u00a0all areas affected by aging, the importance of these procedures and the most suitable facelift for the situation.<\/span><\/li>\n<li><span style=\"font-weight: 400;\">Digital photos are taken and each part of the face is analyzed with the patient to determine the improvements or the desired changes.<\/span><\/li>\n<li><span style=\"font-weight: 400;\">The location of future scars is shown: These scars are reduced to a minimum through the use of endoscopy every time the indication is suitable.<\/span><\/li>\n<li style=\"text-align: justify;\"><i><span style=\"font-weight: 400;\">It is possible that to fulfill the wishes of the patient, the facelift should be supplemented with other surgical procedures, or aesthetic medicine.<\/span><\/i><\/li>\n<li><span style=\"font-weight: 400;\"> For example, in some cases, when performing a frontotemporal facelift, it is necessary to perform at the same time a blepharoplasty (or eyelid surgery) in order to balance the final result.<\/span><\/li>\n<li><span style=\"font-weight: 400;\">It is also possible at the same time to make a lipofilling (fat grafting). Laser injections of filler products can perfectly complement a facelift, erasing wrinkles and fine lines on which a facelift does not act, but can not be practiced at the same time.<\/span><\/li>\n<\/ul>\n<blockquote>\n<p style=\"text-align: justify;\"><em><strong>What happens during a facelift?<\/strong><\/em><\/p>\n<\/blockquote>\n<hr>\n<ul>\n<li><span style=\"font-weight: 400;\">Duration of intervention: 1 hour and a half (for a minilift) to 6 hours (for a full facelift)<\/span><\/li>\n<li><span style=\"font-weight: 400;\">Hospitalization time: 1 to 2 days<\/span><\/li>\n<li><span style=\"font-weight: 400;\">Type of anesthesia: general or local <\/span><\/li>\n<li><span style=\"font-weight: 400;\">Preparation before surgery: Some medications that\u00a0induce bleeding should not be taken during the 10 days preceding the intervention: aspirin, anti-inflammatory, anti-coagulants ...<\/span><\/li>\n<li><span style=\"font-weight: 400;\">Some medications can be taken before surgery to reduce swelling and bruising.<\/span><\/li>\n<li><span style=\"font-weight: 400;\">An antiseptic wash will be done the morning of surgery.<\/span><\/li>\n<\/ul>\n<blockquote>\n<p style=\"text-align: justify;\"><em><strong>What follows a facelift?<\/strong><\/em><\/p>\n<\/blockquote>\n<hr>\n<ul>\n<li><span style=\"font-weight: 400;\">There are usually some bruising and edema (swelling) that disappears in about two weeks.<\/span><\/li>\n<li><span style=\"font-weight: 400;\">During this period, it is best to rest at home, and avoid any violent effort.<\/span><\/li>\n<li><span style=\"font-weight: 400;\">The first few days, it is best to sleep with your head elevated. Also avoid flexing the neck (especially for writing or reading...).<\/span><\/li>\n<li><span style=\"font-weight: 400;\">A feeling of tension may persist for a few days.<\/span><\/li>\n<li><span style=\"font-weight: 400;\">Scar and lymphatic drainage massage sessions may be needed.<\/span><\/li>\n<li><span style=\"font-weight: 400;\">The scars should not be exposed to sunlight for 6 months after surgery.<\/span><\/li>\n<\/ul>\n<blockquote>\n<p style=\"text-align: justify;\"><em><strong>The risks of a facelift<\/strong><\/em><\/p>\n<\/blockquote>\n<hr>\n<p style=\"text-align: justify;\">A facelift, although realized for aesthetic motivations, is nonetheless a true surgical intervention, which implies the risks associated with any medical act, however minimal it may be. The complications associated with the surgical procedure must be distinguished from those related to anesthesia.<\/p>\n<p style=\"text-align: justify;\"><em><strong>As regards the surgical procedure:<\/strong><\/em><\/p>\n<p style=\"text-align: justify;\">by choosing a qualified plastic surgeon, you minimize these risks, but do not completely remove them. Fortunately, the real complications are exceptional as a result of a facelift carried out in the state of art. However, despite their rarity, you still have to know the possible complications:<\/p>\n<ul>\n<li style=\"text-align: justify;\"><strong>Hematoma:<\/strong> most of the time without seriousness, they can justify being evacuated if it is too important.<\/li>\n<li style=\"text-align: justify;\"><strong>Infection:<\/strong> exceptional when the procedure is performed under normal aseptic conditions.<\/li>\n<li style=\"text-align: justify;\"><strong>Skin necrosis<\/strong> can very rarely occur at the scar (especially behind the ear). It prolongs the duration of healing and leaves a wide scar that can be corrected secondarily. This complication is greatly favored by smoking. Thus, smoking cessation is recommended at least a month and a half before surgery.<\/li>\n<li style=\"text-align: justify;\"><strong>Nerve injury:<\/strong> they can rarely lead to a certain transient insensitivity of the forehead or scalp, or of the lobule of the ear, which fades after a few months. An\u00a0injury of a branch of the facial nerve is much rarer: it causes an asymmetry of facial mimics, usually temporary.<\/li>\n<li style=\"text-align: justify;\"><strong>Small asymmetries<\/strong> can sometimes require a new intervention for retouching, several months after the first.<\/li>\n<\/ul>\n<p style=\"text-align: justify;\"><em><strong>With regard to anesthesia:<\/strong><\/em><\/p>\n<p style=\"text-align: justify;\">during the consultation, the anesthesiologist will inform the patient about the anesthetic risks. However, it must be known that the techniques, anesthetic products and monitoring methods have made enormous progress over the last twenty years, providing optimum safety.<\/p>\n<blockquote>\n<p style=\"text-align: justify;\"><em><strong>The scars of a facelift<\/strong><\/em><\/p>\n<\/blockquote>\n<hr>\n<p style=\"text-align: justify;\"><em><strong>The\u00a0location of the scars will be determined during the consultation.<\/strong><\/em><\/p>\n<ul>\n<li style=\"text-align: justify;\">It depends on the type of facelift and the type of incision (by endoscopy or not).<\/li>\n<li style=\"text-align: justify;\">The scars of facelifts are mostly hidden in the hair (at the temple, neck) and inside and \/ or behind the ear. Their only visible part is in front of the lobule of the ear. These scars fade in a few months, and are then almost no longer visible.<\/li>\n<li style=\"text-align: justify;\">The scars are reduced to 5 small incisions in the hair for endoscopic fronto-temporal lifting, and to a large incision in the hair going from one ear to the other for the classic fronto-temporal lifting (exceptionally indicated today) .<\/li>\n<\/ul>\n<p><em><strong>Endoscopy is a surgical technique used for many years in many specialties.<\/strong><\/em><\/p>\n<ul>\n<li style=\"text-align: justify;\">It consists of performing an intervention without \"opening\" completely, but just by introducing a mini camera that will allow to follow on a television screen the gestures realized by miniaturized special instruments.<\/li>\n<li style=\"text-align: justify;\">This often makes it possible to minimize the surgical trauma and especially to considerably reduce the scars.<\/li>\n<li style=\"text-align: justify;\">The residual scars after an endoscopic facelift are five small incisions one centimeter long in the scalp.<\/li>\n<\/ul>\n<blockquote>\n<p style=\"text-align: justify;\"><em><strong>What happens after a facelift?<\/strong><\/em><\/p>\n<\/blockquote>\n<hr>\n<ul>\n<li><span style=\"font-weight: 400;\">The results are easily visible with the current techniques.<\/span><\/li>\n<li><span style=\"font-weight: 400;\">However, it is necessary to wait about 6 months to assess the final outcome. This is the time required for the edema to resolve and for the tissues to regain their flexibility.<\/span><\/li>\n<li><span style=\"font-weight: 400;\">The results are more sustainable with current facelift techniques, which act on solid structures. The rejuvenation that results is visible for many years, although the aging process is not stopped by the intervention, the benefit of the facelift will be felt even after several years.<\/span><\/li>\n<\/ul>\n<p><a href=\"https:\/\/excellence-esthetique.fr\/wp-content\/uploads\/527.pdf\" target=\"_blank\" rel=\"noopener noreferrer\">Information Sheet SoFCPRE (Soci\u00e9t\u00e9 Fran\u00e7aise de Chirurgie Plastique Reconstructrice et Esth\u00e9tique)<\/a><\/p>\n<p style=\"text-align: center;\"><em>Last update of this page : 06-06-2019<\/em><\/p>\n\n<div class=\"kk-star-ratings\n     kksr-valign-bottom     kksr-align-center    \"\n    data-payload=\"{&quot;align&quot;:&quot;center&quot;,&quot;id&quot;:&quot;1344&quot;,&quot;slug&quot;:&quot;default&quot;,&quot;valign&quot;:&quot;bottom&quot;,&quot;reference&quot;:&quot;auto&quot;,&quot;count&quot;:&quot;18&quot;,&quot;readonly&quot;:&quot;&quot;,&quot;score&quot;:&quot;4.8&quot;,&quot;best&quot;:&quot;5&quot;,&quot;gap&quot;:&quot;4&quot;,&quot;greet&quot;:&quot;Noter cette page&quot;,&quot;legend&quot;:&quot;4.8\\\/5 - (18 votes)&quot;,&quot;size&quot;:&quot;14&quot;,&quot;width&quot;:&quot;84.4&quot;,&quot;_legend&quot;:&quot;{score}\\\/{best} - ({count} {votes})&quot;}\">\n    \n<div class=\"kksr-stars\">\n    \n<div class=\"kksr-stars-inactive\">\n            <div class=\"kksr-star\" data-star=\"1\" style=\"padding-right: 4px\">\n            \n\n<div class=\"kksr-icon\" style=\"width: 14px; height: 14px;\"><\/div>\n        <\/div>\n            <div class=\"kksr-star\" data-star=\"2\" style=\"padding-right: 4px\">\n            \n\n<div class=\"kksr-icon\" style=\"width: 14px; height: 14px;\"><\/div>\n        <\/div>\n            <div class=\"kksr-star\" data-star=\"3\" style=\"padding-right: 4px\">\n            \n\n<div class=\"kksr-icon\" style=\"width: 14px; height: 14px;\"><\/div>\n        <\/div>\n            <div class=\"kksr-star\" data-star=\"4\" style=\"padding-right: 4px\">\n            \n\n<div class=\"kksr-icon\" style=\"width: 14px; height: 14px;\"><\/div>\n        <\/div>\n            <div class=\"kksr-star\" data-star=\"5\" style=\"padding-right: 4px\">\n            \n\n<div class=\"kksr-icon\" style=\"width: 14px; height: 14px;\"><\/div>\n        <\/div>\n    <\/div>\n    \n<div class=\"kksr-stars-active\" style=\"width: 84.4px;\">\n            <div class=\"kksr-star\" style=\"padding-right: 4px\">\n            \n\n<div class=\"kksr-icon\" style=\"width: 14px; height: 14px;\"><\/div>\n        <\/div>\n            <div class=\"kksr-star\" style=\"padding-right: 4px\">\n            \n\n<div class=\"kksr-icon\" style=\"width: 14px; height: 14px;\"><\/div>\n        <\/div>\n            <div class=\"kksr-star\" style=\"padding-right: 4px\">\n            \n\n<div class=\"kksr-icon\" style=\"width: 14px; height: 14px;\"><\/div>\n        <\/div>\n            <div class=\"kksr-star\" style=\"padding-right: 4px\">\n            \n\n<div class=\"kksr-icon\" style=\"width: 14px; height: 14px;\"><\/div>\n        <\/div>\n            <div class=\"kksr-star\" style=\"padding-right: 4px\">\n            \n\n<div class=\"kksr-icon\" style=\"width: 14px; height: 14px;\"><\/div>\n        <\/div>\n    <\/div>\n<\/div>\n    \n<div class=\"kksr-legend\">\n            4.8\/5 - (18 votes)    <\/div>\n<\/div>\n\n\n","protected":false},"excerpt":{"rendered":"<p>What is a facelift? The face is a reflection of our personality, our emotions, but also the passing of time. The facelift or facial rejuvenation surgery, aims to improve sagging facial features, clears the face and restores its vitality, while retaining the expression of the face. The lift allows for a sustainable slowdown of the&#8230;<\/p>\n","protected":false},"author":5,"featured_media":14128,"parent":0,"menu_order":39,"comment_status":"closed","ping_status":"closed","template":"","meta":[],"acf":[],"yoast_head":"<!-- This site is optimized with the Yoast SEO plugin v18.3 - https:\/\/yoast.com\/wordpress\/plugins\/seo\/ -->\n<title>Facelifts - Policlinique Esth\u00e9tique Marigny Vincennes<\/title>\n<meta name=\"description\" content=\"Facelifts : The face is a reflection of our personality, our emotions, but also the passing of time.\" \/>\n<meta name=\"robots\" content=\"index, follow, max-snippet:-1, max-image-preview:large, max-video-preview:-1\" \/>\n<link rel=\"canonical\" href=\"https:\/\/excellence-esthetique.fr\/en\/facelifts\/\" \/>\n<meta property=\"og:locale\" content=\"en_US\" \/>\n<meta property=\"og:type\" content=\"article\" \/>\n<meta property=\"og:title\" content=\"Facelifts - Policlinique Esth\u00e9tique Marigny Vincennes\" \/>\n<meta property=\"og:description\" content=\"Facelifts : The face is a reflection of our personality, our emotions, but also the passing of time.\" \/>\n<meta property=\"og:url\" content=\"https:\/\/excellence-esthetique.fr\/en\/facelifts\/\" \/>\n<meta property=\"og:site_name\" content=\"Chirurgien rhinoplastie Paris : Dr Gerbault\" \/>\n<meta property=\"article:publisher\" content=\"https:\/\/www.facebook.com\/Dr.Gerbault\/\" \/>\n<meta property=\"article:modified_time\" content=\"2019-06-25T00:30:30+00:00\" \/>\n<meta property=\"og:image\" content=\"https:\/\/excellence-esthetique.fr\/wp-content\/uploads\/rajeunissement-1.jpg\" \/>\n\t<meta property=\"og:image:width\" content=\"2048\" \/>\n\t<meta property=\"og:image:height\" content=\"1450\" \/>\n\t<meta property=\"og:image:type\" content=\"image\/jpeg\" \/>\n<meta name=\"twitter:card\" content=\"summary_large_image\" \/>\n<meta name=\"twitter:site\" content=\"@Dr_Gerbault\" \/>\n<meta name=\"twitter:label1\" content=\"Est. reading time\" \/>\n\t<meta name=\"twitter:data1\" content=\"8 minutes\" \/>\n<script type=\"application\/ld+json\" class=\"yoast-schema-graph\">{\"@context\":\"https:\/\/schema.org\",\"@graph\":[{\"@type\":[\"Organization\",\"Place\",\"PlasticSurgery\"],\"@id\":\"https:\/\/excellence-esthetique.fr\/fr\/#organization\",\"name\":\"Chirurgien rhinoplastie Paris : Dr Gerbault\",\"url\":\"https:\/\/excellence-esthetique.fr\/fr\/\",\"sameAs\":[\"https:\/\/www.facebook.com\/Dr.Gerbault\/\",\"https:\/\/www.instagram.com\/dr_gerbault_rhinoplastie_paris\/\",\"https:\/\/www.linkedin.com\/in\/oliviergerbault\/\",\"https:\/\/www.youtube.com\/GERBOLIVIER\",\"https:\/\/twitter.com\/Dr_Gerbault\"],\"logo\":{\"@id\":\"https:\/\/excellence-esthetique.fr\/en\/facelifts\/#local-main-organization-logo\"},\"image\":{\"@id\":\"https:\/\/excellence-esthetique.fr\/en\/facelifts\/#local-main-organization-logo\"},\"address\":{\"@id\":\"https:\/\/excellence-esthetique.fr\/en\/facelifts\/#local-main-place-address\"},\"geo\":{\"@type\":\"GeoCoordinates\",\"latitude\":\"48.86772289599891\",\"longitude\":\"2.2794640614090103\"},\"telephone\":[\"+33153663030\"],\"openingHoursSpecification\":{\"@type\":\"OpeningHoursSpecification\",\"dayOfWeek\":[\"Monday\",\"Tuesday\",\"Wednesday\",\"Thursday\",\"Friday\",\"Saturday\",\"Sunday\"],\"opens\":\"00:00\",\"closes\":\"23:59\"},\"areaServed\":\"France\",\"vatID\":\"FR54488777194\",\"taxID\":\"FR54488777194\",\"priceRange\":\"$$$$\"},{\"@type\":\"WebSite\",\"@id\":\"https:\/\/excellence-esthetique.fr\/fr\/#website\",\"url\":\"https:\/\/excellence-esthetique.fr\/fr\/\",\"name\":\"Chirurgien rhinoplastie Paris : Dr Gerbault\",\"description\":\"\",\"publisher\":{\"@id\":\"https:\/\/excellence-esthetique.fr\/fr\/#organization\"},\"potentialAction\":[{\"@type\":\"SearchAction\",\"target\":{\"@type\":\"EntryPoint\",\"urlTemplate\":\"https:\/\/excellence-esthetique.fr\/fr\/?s={search_term_string}\"},\"query-input\":\"required name=search_term_string\"}],\"inLanguage\":\"en-FR\"},{\"@type\":\"ImageObject\",\"@id\":\"https:\/\/excellence-esthetique.fr\/en\/facelifts\/#primaryimage\",\"inLanguage\":\"en-FR\",\"url\":\"https:\/\/excellence-esthetique.fr\/wp-content\/uploads\/rajeunissement-1.jpg\",\"contentUrl\":\"https:\/\/excellence-esthetique.fr\/wp-content\/uploads\/rajeunissement-1.jpg\",\"width\":2048,\"height\":1450,\"caption\":\"Lifting du visage \u00e0 Paris\"},{\"@type\":[\"WebPage\",\"MedicalWebPage\"],\"@id\":\"https:\/\/excellence-esthetique.fr\/en\/facelifts\/#webpage\",\"url\":\"https:\/\/excellence-esthetique.fr\/en\/facelifts\/\",\"name\":\"Facelifts - Policlinique Esth\u00e9tique Marigny Vincennes\",\"isPartOf\":{\"@id\":\"https:\/\/excellence-esthetique.fr\/fr\/#website\"},\"primaryImageOfPage\":{\"@id\":\"https:\/\/excellence-esthetique.fr\/en\/facelifts\/#primaryimage\"},\"datePublished\":\"2015-11-25T10:23:34+00:00\",\"dateModified\":\"2019-06-25T00:30:30+00:00\",\"description\":\"Facelifts : The face is a reflection of our personality, our emotions, but also the passing of time.\",\"breadcrumb\":{\"@id\":\"https:\/\/excellence-esthetique.fr\/en\/facelifts\/#breadcrumb\"},\"inLanguage\":\"en-FR\",\"potentialAction\":[{\"@type\":\"ReadAction\",\"target\":[\"https:\/\/excellence-esthetique.fr\/en\/facelifts\/\"]}]},{\"@type\":\"BreadcrumbList\",\"@id\":\"https:\/\/excellence-esthetique.fr\/en\/facelifts\/#breadcrumb\",\"itemListElement\":[{\"@type\":\"ListItem\",\"position\":1,\"name\":\"Chirurgie esth\u00e9tique Paris\",\"item\":\"https:\/\/excellence-esthetique.fr\/en\/\"},{\"@type\":\"ListItem\",\"position\":2,\"name\":\"Facelifts\"}]},{\"@type\":\"PostalAddress\",\"@id\":\"https:\/\/excellence-esthetique.fr\/en\/facelifts\/#local-main-place-address\",\"streetAddress\":\"138 avenue Victor Hugo\",\"addressLocality\":\"Paris\",\"postalCode\":\"75116\",\"addressCountry\":\"FR\"},{\"@type\":\"ImageObject\",\"@id\":\"https:\/\/excellence-esthetique.fr\/en\/facelifts\/#local-main-organization-logo\",\"inLanguage\":\"en-FR\",\"url\":\"https:\/\/excellence-esthetique.fr\/wp-content\/uploads\/logo.jpg\",\"contentUrl\":\"https:\/\/excellence-esthetique.fr\/wp-content\/uploads\/logo.jpg\",\"width\":600,\"height\":334,\"caption\":\"Chirurgien rhinoplastie Paris : Dr Gerbault\"}]}<\/script>\n<meta name=\"geo.placename\" content=\"Paris\" \/>\n<meta name=\"geo.position\" content=\"48.86772289599891;2.2794640614090103\" \/>\n<meta name=\"geo.region\" content=\"France\" \/>\n<!-- \/ Yoast SEO plugin. -->","yoast_head_json":{"title":"Facelifts - Policlinique Esth\u00e9tique Marigny Vincennes","description":"Facelifts : The face is a reflection of our personality, our emotions, but also the passing of time.","robots":{"index":"index","follow":"follow","max-snippet":"max-snippet:-1","max-image-preview":"max-image-preview:large","max-video-preview":"max-video-preview:-1"},"canonical":"https:\/\/excellence-esthetique.fr\/en\/facelifts\/","og_locale":"en_US","og_type":"article","og_title":"Facelifts - Policlinique Esth\u00e9tique Marigny Vincennes","og_description":"Facelifts : The face is a reflection of our personality, our emotions, but also the passing of time.","og_url":"https:\/\/excellence-esthetique.fr\/en\/facelifts\/","og_site_name":"Chirurgien rhinoplastie Paris : Dr Gerbault","article_publisher":"https:\/\/www.facebook.com\/Dr.Gerbault\/","article_modified_time":"2019-06-25T00:30:30+00:00","og_image":[{"width":2048,"height":1450,"url":"https:\/\/excellence-esthetique.fr\/wp-content\/uploads\/rajeunissement-1.jpg","type":"image\/jpeg"}],"twitter_card":"summary_large_image","twitter_site":"@Dr_Gerbault","twitter_misc":{"Est. reading time":"8 minutes"},"schema":{"@context":"https:\/\/schema.org","@graph":[{"@type":["Organization","Place","PlasticSurgery"],"@id":"https:\/\/excellence-esthetique.fr\/fr\/#organization","name":"Chirurgien rhinoplastie Paris : Dr Gerbault","url":"https:\/\/excellence-esthetique.fr\/fr\/","sameAs":["https:\/\/www.facebook.com\/Dr.Gerbault\/","https:\/\/www.instagram.com\/dr_gerbault_rhinoplastie_paris\/","https:\/\/www.linkedin.com\/in\/oliviergerbault\/","https:\/\/www.youtube.com\/GERBOLIVIER","https:\/\/twitter.com\/Dr_Gerbault"],"logo":{"@id":"https:\/\/excellence-esthetique.fr\/en\/facelifts\/#local-main-organization-logo"},"image":{"@id":"https:\/\/excellence-esthetique.fr\/en\/facelifts\/#local-main-organization-logo"},"address":{"@id":"https:\/\/excellence-esthetique.fr\/en\/facelifts\/#local-main-place-address"},"geo":{"@type":"GeoCoordinates","latitude":"48.86772289599891","longitude":"2.2794640614090103"},"telephone":["+33153663030","+33153663030"],"openingHoursSpecification":{"@type":"OpeningHoursSpecification","dayOfWeek":["Monday","Tuesday","Wednesday","Thursday","Friday","Saturday","Sunday"],"opens":"00:00","closes":"23:59"},"areaServed":"France","vatID":"FR54488777194","taxID":"FR54488777194","priceRange":"$$$$"},{"@type":"WebSite","@id":"https:\/\/excellence-esthetique.fr\/fr\/#website","url":"https:\/\/excellence-esthetique.fr\/fr\/","name":"Chirurgien rhinoplastie Paris : Dr Gerbault","description":"","publisher":{"@id":"https:\/\/excellence-esthetique.fr\/fr\/#organization"},"potentialAction":[{"@type":"SearchAction","target":{"@type":"EntryPoint","urlTemplate":"https:\/\/excellence-esthetique.fr\/fr\/?s={search_term_string}"},"query-input":"required name=search_term_string"}],"inLanguage":"en-FR"},{"@type":"ImageObject","@id":"https:\/\/excellence-esthetique.fr\/en\/facelifts\/#primaryimage","inLanguage":"en-FR","url":"https:\/\/excellence-esthetique.fr\/wp-content\/uploads\/rajeunissement-1.jpg","contentUrl":"https:\/\/excellence-esthetique.fr\/wp-content\/uploads\/rajeunissement-1.jpg","width":2048,"height":1450,"caption":"Lifting du visage \u00e0 Paris"},{"@type":["WebPage","MedicalWebPage"],"@id":"https:\/\/excellence-esthetique.fr\/en\/facelifts\/#webpage","url":"https:\/\/excellence-esthetique.fr\/en\/facelifts\/","name":"Facelifts - Policlinique Esth\u00e9tique Marigny Vincennes","isPartOf":{"@id":"https:\/\/excellence-esthetique.fr\/fr\/#website"},"primaryImageOfPage":{"@id":"https:\/\/excellence-esthetique.fr\/en\/facelifts\/#primaryimage"},"datePublished":"2015-11-25T10:23:34+00:00","dateModified":"2019-06-25T00:30:30+00:00","description":"Facelifts : The face is a reflection of our personality, our emotions, but also the passing of time.","breadcrumb":{"@id":"https:\/\/excellence-esthetique.fr\/en\/facelifts\/#breadcrumb"},"inLanguage":"en-FR","potentialAction":[{"@type":"ReadAction","target":["https:\/\/excellence-esthetique.fr\/en\/facelifts\/"]}]},{"@type":"BreadcrumbList","@id":"https:\/\/excellence-esthetique.fr\/en\/facelifts\/#breadcrumb","itemListElement":[{"@type":"ListItem","position":1,"name":"Chirurgie esth\u00e9tique Paris","item":"https:\/\/excellence-esthetique.fr\/en\/"},{"@type":"ListItem","position":2,"name":"Facelifts"}]},{"@type":"PostalAddress","@id":"https:\/\/excellence-esthetique.fr\/en\/facelifts\/#local-main-place-address","streetAddress":"138 avenue Victor Hugo","addressLocality":"Paris","postalCode":"75116","addressCountry":"FR"},{"@type":"ImageObject","@id":"https:\/\/excellence-esthetique.fr\/en\/facelifts\/#local-main-organization-logo","inLanguage":"en-FR","url":"https:\/\/excellence-esthetique.fr\/wp-content\/uploads\/logo.jpg","contentUrl":"https:\/\/excellence-esthetique.fr\/wp-content\/uploads\/logo.jpg","width":600,"height":334,"caption":"Chirurgien rhinoplastie Paris : Dr Gerbault"}]},"geo.placename":"Paris","geo.position":{"lat":"48.86772289599891","long":"2.2794640614090103"},"geo.region":"France"},"_links":{"self":[{"href":"https:\/\/excellence-esthetique.fr\/en\/wp-json\/wp\/v2\/pages\/1344"}],"collection":[{"href":"https:\/\/excellence-esthetique.fr\/en\/wp-json\/wp\/v2\/pages"}],"about":[{"href":"https:\/\/excellence-esthetique.fr\/en\/wp-json\/wp\/v2\/types\/page"}],"author":[{"embeddable":true,"href":"https:\/\/excellence-esthetique.fr\/en\/wp-json\/wp\/v2\/users\/5"}],"replies":[{"embeddable":true,"href":"https:\/\/excellence-esthetique.fr\/en\/wp-json\/wp\/v2\/comments?post=1344"}],"version-history":[{"count":0,"href":"https:\/\/excellence-esthetique.fr\/en\/wp-json\/wp\/v2\/pages\/1344\/revisions"}],"wp:featuredmedia":[{"embeddable":true,"href":"https:\/\/excellence-esthetique.fr\/en\/wp-json\/wp\/v2\/media\/14128"}],"wp:attachment":[{"href":"https:\/\/excellence-esthetique.fr\/en\/wp-json\/wp\/v2\/media?parent=1344"}],"curies":[{"name":"wp","href":"https:\/\/api.w.org\/{rel}","templated":true}]}}