{"id":154,"date":"2023-05-28T00:00:47","date_gmt":"2023-05-27T23:00:47","guid":{"rendered":"https:\/\/excellence-esthetique.fr\/?page_id=154"},"modified":"2023-05-30T16:50:48","modified_gmt":"2023-05-30T15:50:48","slug":"otoplasties","status":"publish","type":"page","link":"https:\/\/excellence-esthetique.fr\/fr\/otoplasties\/","title":{"rendered":"Otoplastie \ud83d\udc42 chirurgie des oreilles"},"content":{"rendered":"<h2 style=\"text-align: left;\">Qu'est-ce qu'une chirurgie des oreilles ?<\/h2>\n<p style=\"text-align: left;\">L'<strong>otoplastie \ud83d\udc42<\/strong>, ou <strong>chirurgie esth\u00e9tique des oreilles<\/strong>, est l'intervention qui permet de <strong>recoller les oreilles<\/strong>.<\/p>\n<ul>\n<li style=\"text-align: left;\">Elle peut \u00eatre pratiqu\u00e9e chez les enfants comme chez les adultes.<\/li>\n<li style=\"text-align: left;\">Elle peut \u00eatre pratiqu\u00e9e <strong>\u00e0 partir de l'\u00e2ge de 7 ans<\/strong>, d\u00e8s lors que l'enfant se plaint de son aspect et en souffre.<\/li>\n<li style=\"text-align: left;\">En effet, \u00e0 cet \u00e2ge, les oreilles ont pratiquement atteint leur taille adulte.<\/li>\n<li style=\"text-align: left;\">Le traitement des oreilles d\u00e9coll\u00e9es (otoplastie \ud83d\udc42) ne peut \u00eatre que chirurgical.<\/li>\n<li style=\"text-align: left;\">L'intervention vise \u00e0 corriger d\u00e9finitivement les anomalies de l\u2019oreille en remodelant le cartilage, de fa\u00e7on \u00e0 obtenir des oreilles \"recoll\u00e9es\", sym\u00e9triques, de taille et d'<strong>aspect naturels<\/strong>.<\/li>\n<\/ul>\n<p style=\"text-align: center;\"><a class=\"btn btn-warning\" href=\"https:\/\/excellence-esthetique.fr\/fr\/cas-cliniques\/1-otoplastie\/\"> Voir les photos Avant \/ Apr\u00e8s d'Otoplastie \ud83d\udc42 <\/a><\/p>\n<p><img loading=\"lazy\" class=\"aligncenter wp-image-1873 size-full\" title=\"Otoplastie \u00e0 Paris\" src=\"https:\/\/excellence-esthetique.fr\/wp-content\/uploads\/image31.jpg\" alt=\"Otoplastie \u00e0 Paris\" width=\"464\" height=\"274\" srcset=\"https:\/\/excellence-esthetique.fr\/wp-content\/uploads\/image31.jpg 464w, https:\/\/excellence-esthetique.fr\/wp-content\/uploads\/image31-245x145.jpg 245w\" sizes=\"(max-width: 464px) 100vw, 464px\"><\/p>\n<hr>\n<h2 style=\"text-align: left;\">Pourquoi avoir recours \u00e0 une otoplastie \ud83d\udc42 ?<\/h2>\n<ul style=\"text-align: left;\">\n<li>Les oreilles d\u00e9coll\u00e9es constituent une malformation mineure fr\u00e9quente.<\/li>\n<li><span style=\"text-align: justify;\">Cette malformation associe g\u00e9n\u00e9ralement l\u2019absence d\u2019ourlet \u00e0 la partie haute du pavillon auriculaire <\/span>et le d\u00e9collement du pavillon par rapport \u00e0 la nuque.<\/li>\n<li>Unilat\u00e9rale ou bilat\u00e9rale, cette malformation est souvent asym\u00e9trique.<\/li>\n<\/ul>\n<hr>\n<h2 style=\"text-align: left;\">Quelles sont les \u00e9tapes d'une otoplastie \ud83d\udc42 ?<\/h2>\n<h3 style=\"text-align: left;\">La consultation :<\/h3>\n<ul style=\"text-align: left;\">\n<li>Lors de la premi\u00e8re consultation, votre chirurgien a pris connaissance de\u00a0<strong>vos d\u00e9sirs<\/strong>\u00a0et, apr\u00e8s vous avoir examin\u00e9, vous a inform\u00e9 des diff\u00e9rentes possibilit\u00e9s adapt\u00e9es \u00e0 votre cas : type de plastie abdominale, cicatrices, etc.<\/li>\n<li>Des\u00a0<strong>photographies<\/strong> ont \u00e9t\u00e9 effectu\u00e9es afin de pouvoir suivre l\u2019\u00e9volution morphologique de vos oreilles.<\/li>\n<\/ul>\n<h3 style=\"text-align: left;\">L'intervention :<\/h3>\n<ul style=\"text-align: left;\">\n<li>Dur\u00e9e de l'intervention : de 30min \u00e0 1h, selon qu\u2019une ou deux oreilles sont trait\u00e9es.<\/li>\n<li>Dur\u00e9e d'hospitalisation : ambulatoire, vous entrez et sortez de la clinique le m\u00eame jour. L\u2019hospitalisation a lieu le matin de l\u2019intervention \u00e0 jeun.<\/li>\n<li>Type d'anesth\u00e9sie : locale potentialis\u00e9e (diaz-analg\u00e9sie). Chez l\u2019enfant, une anesth\u00e9sie g\u00e9n\u00e9rale peut \u00eatre n\u00e9cessaire si l\u2019enfant est trop craintif. En cas d'anesth\u00e9sie autre que purement locale, le m\u00e9decin anesth\u00e9siste sera vu en consultation au plus tard 48 heures avant l'intervention.<\/li>\n<li>Avant l\u2019intervention : certains m\u00e9dicaments ne devront pas \u00eatre pris 10 jours avant l\u2019intervention : aspirine, anti-inflammatoires, anti-coagulants, etc. Certains m\u00e9dicaments peuvent \u00eatre pris avant l\u2019intervention pour att\u00e9nuer l\u2019\u0153d\u00e8me et les ecchymoses postop\u00e9ratoires.<\/li>\n<li>La t\u00eate et les cheveux seront soigneusement lav\u00e9s la veille de l'op\u00e9ration.<\/li>\n<li>Pour les hommes, une coupe de cheveux bien courte est souhaitable. Pour les femmes, une queue de cheval sera la bienvenue.<\/li>\n<\/ul>\n<h3 style=\"text-align: left;\">Les suites d'une otoplastie \ud83d\udc42 :<\/h3>\n<ul style=\"text-align: left;\">\n<li>Il existe g\u00e9n\u00e9ralement des ecchymoses (bleus) et un \u0153d\u00e8me (gonflement) des oreilles qui disparaissent en deux \u00e0 trois semaines.<\/li>\n<li>Les fils sont retir\u00e9s apr\u00e8s 2 semaines.<\/li>\n<li>Jusqu\u2019\u00e0 l\u2019ablation des fils, un bandeau protecteur doit \u00eatre port\u00e9 jour et nuit. Ensuite, il est encore gard\u00e9 pendant 2 semaines uniquement la nuit.<\/li>\n<li>Durant cette p\u00e9riode, les activit\u00e9s physiques ou sportives avec risque de contact devront \u00eatre \u00e9vit\u00e9es.<\/li>\n<li>La reprise du travail\/des cours peut avoir lieu le lendemain de l\u2019intervention, mais un arr\u00eat de travail allant jusqu\u2019\u00e0 15 jours peut \u00eatre n\u00e9cessaire, notamment si la profession ne permet pas le port du bandeau.<\/li>\n<li>L'exposition au grand froid est d\u00e9conseill\u00e9e pendant au moins deux mois compte tenu du risque de gelures du fait de la diminution transitoire de la sensibilit\u00e9 des oreilles.<\/li>\n<\/ul>\n<h3 style=\"text-align: left;\">Les r\u00e9sultats :<\/h3>\n<p style=\"text-align: left;\">La forme d\u00e9finitive des oreilles ne peut \u00eatre jug\u00e9e qu\u2019apr\u00e8s 3 mois et l\u2019aspect final des cicatrices au bout de 6 mois.<\/p>\n<ul style=\"text-align: left;\">\n<li style=\"text-align: justify;\">C'est le temps n\u00e9cessaire pour que les tissus se soient assouplis et que la totalit\u00e9 de l'\u0153d\u00e8me se soit r\u00e9sorb\u00e9, laissant appara\u00eetre nettement les reliefs de l'oreille.<\/li>\n<li style=\"text-align: justify;\">Pass\u00e9 ce d\u00e9lai, seules les cicatrices seront encore un peu ros\u00e9es et indur\u00e9es avant de s'estomper.<\/li>\n<li style=\"text-align: justify;\">L'intervention aura le plus souvent permis de corriger efficacement les anomalies pr\u00e9sentes et d'obtenir des oreilles normalement positionn\u00e9es et orient\u00e9es, bien plicatur\u00e9es, sym\u00e9triques, de taille et d'aspect naturels, non hypertrophi\u00e9es.<\/li>\n<li style=\"text-align: justify;\">Les r\u00e9sultats sont d\u00e9finitifs. Ils\u00a0persistent \u00e0 vie, puisque l'on agit sur l'architecture cartilagineuse de l'oreille qui est remodel\u00e9e pour obtenir la forme d\u00e9sir\u00e9e.<\/li>\n<\/ul>\n<hr>\n<h2 style=\"text-align: left;\">Quels sont les risques d'une otoplastie \ud83d\udc42 ?<\/h2>\n<p style=\"text-align: left;\">Une otoplastie \ud83d\udc42, bien que r\u00e9alis\u00e9e essentiellement en esth\u00e9tique, reste une intervention chirurgicale impliquant des risques li\u00e9s \u00e0 tout acte m\u00e9dical, si minime soit-il. Il faut distinguer les complications li\u00e9es au geste chirurgical de celles li\u00e9es \u00e0 l'anesth\u00e9sie.<\/p>\n<p style=\"text-align: left;\">En ce qui concerne le geste chirurgical :<\/p>\n<ul style=\"text-align: left;\">\n<li>L'immense majorit\u00e9 des interventions se passe sans aucun probl\u00e8me et les patients sont pleinement satisfaits de leur r\u00e9sultat.<\/li>\n<li>Malgr\u00e9 leur raret\u00e9, les complications possibles sont : l\u00e9g\u00e8re asym\u00e9trie, petites irr\u00e9gularit\u00e9s de reliefs, r\u00e9tr\u00e9cissement de l'orifice du conduit auditif, perception des fils profonds. Ces petits d\u00e9fauts, quand ils existent, sont habituellement discrets et n'attirent pas le regard. Ils restent\u00a0accessibles \u00e0 une petite \"retouche\" qui se fera la plupart du temps sous simple anesth\u00e9sie locale.<\/li>\n<li>Un h\u00e9matome ou une infection peuvent survenir, comme apr\u00e8s toute intervention, m\u00eame s'ils sont exceptionnels (relais par traitement antibiotique).<\/li>\n<li>Une n\u00e9crose cutan\u00e9e est exceptionnelle (d\u00fb \u00e0 un trouble de la circulation sur une peau tr\u00e8s fine).<\/li>\n<li>L'apparition d'une cicatrice ch\u00e9lo\u00efdienne (en relief, derri\u00e8re l\u2019oreille). Sa survenue n\u00e9cessite l\u2019injection intracicatricielle d\u2019un cortico\u00efde. Ce risque est beaucoup plus fr\u00e9quent chez les sujets \u00e0 peau pigment\u00e9e (surtout sur les peaux noires) et ceux qui ont d\u00e9j\u00e0 eu des cicatrices ch\u00e9lo\u00efdiennes.<\/li>\n<\/ul>\n<p style=\"text-align: left;\">En ce qui concerne l'anesth\u00e9sie, lors de la consultation, le m\u00e9decin anesth\u00e9siste informera lui-m\u00eame la patiente des risques anesth\u00e9siques.<\/p>\n<ul style=\"text-align: left;\">\n<li>Il faut savoir que l'anesth\u00e9sie induit dans l'organisme des r\u00e9actions parfois impr\u00e9visibles, et plus ou moins faciles \u00e0 ma\u00eetriser : le fait d'avoir recours \u00e0 un anesth\u00e9siste parfaitement comp\u00e9tent, exer\u00e7ant dans un contexte r\u00e9ellement chirurgical fait que les risques encourus sont devenus statistiquement presque n\u00e9gligeables.<\/li>\n<li>Ces risques sont extr\u00eamement faibles, puisqu\u2019il s\u2019agit d\u2019une anesth\u00e9sie locale (\u00e9ventuellement potentialis\u00e9e).<\/li>\n<\/ul>\n<hr>\n<h2 style=\"text-align: left;\">O\u00f9 sont situ\u00e9es les cicatrices d'une otoplastie \ud83d\udc42 ?<\/h2>\n<p style=\"text-align: left;\">Les cicatrices seront cach\u00e9es derri\u00e8re les oreilles.<\/p>\n<ul>\n<li style=\"text-align: left;\">Dans certains cas, de petites incisions compl\u00e9mentaires seront pratiqu\u00e9es \u00e0 la face ant\u00e9rieure du pavillon, mais elles seront alors dissimul\u00e9es dans des replis naturels.<\/li>\n<li style=\"text-align: left;\">Il convient de remarquer qu'\u00e0 aucun moment les cheveux ne sont coup\u00e9s.<\/li>\n<\/ul>\n<p><img loading=\"lazy\" class=\"alignnone wp-image-1875 size-full\" src=\"https:\/\/excellence-esthetique.fr\/wp-content\/uploads\/cicatrice-otoplastie-e1578111866481.jpg\" alt=\"\" width=\"500\" height=\"272\" srcset=\"https:\/\/excellence-esthetique.fr\/wp-content\/uploads\/cicatrice-otoplastie-e1578111866481.jpg 500w, https:\/\/excellence-esthetique.fr\/wp-content\/uploads\/cicatrice-otoplastie-e1578111866481-350x190.jpg 350w\" sizes=\"(max-width: 500px) 100vw, 500px\"> <img loading=\"lazy\" class=\"wp-image-1876 alignnone\" src=\"https:\/\/excellence-esthetique.fr\/wp-content\/uploads\/cicatrices-otoplastie.jpg\" alt=\"cicatrices otoplastie\" width=\"437\" height=\"274\" srcset=\"https:\/\/excellence-esthetique.fr\/wp-content\/uploads\/cicatrices-otoplastie.jpg 500w, https:\/\/excellence-esthetique.fr\/wp-content\/uploads\/cicatrices-otoplastie-245x153.jpg 245w\" sizes=\"(max-width: 437px) 100vw, 437px\"><\/p>\n<p style=\"text-align: center;\">\t\t\t<div class=\"row justify-content-center bg-light pt-3 mb-3\">\n\t\t\t\t\t\t\t\t<div id=\"clinical-case-7856\" class=\"btn-href clinical-case col-12 col-md-6 col-lg-4 mb-3 text-center\" data-href=\"https:\/\/excellence-esthetique.fr\/fr\/cas-cliniques\/1-otoplastie\/\">\n\t\t\t\t\t<div class=\"d-block clinical-case-thumbnail rounded shadow mb-1\"  title=\"Otoplastie\">\n\t\t\t\t\t\t<img src=\"https:\/\/excellence-esthetique.fr\/wp-content\/uploads\/2019\/03\/otoplastie-adulte_duo_dos_0-520x390.jpg\" class=\"img-fluid wp-post-image\" alt=\"Otoplastie - Adulte vue de dos duo\" loading=\"lazy\" srcset=\"https:\/\/excellence-esthetique.fr\/wp-content\/uploads\/2019\/03\/otoplastie-adulte_duo_dos_0-520x390.jpg 520w, https:\/\/excellence-esthetique.fr\/wp-content\/uploads\/2019\/03\/otoplastie-adulte_duo_dos_0-350x263.jpg 350w, https:\/\/excellence-esthetique.fr\/wp-content\/uploads\/2019\/03\/otoplastie-adulte_duo_dos_0-1024x768.jpg 1024w, https:\/\/excellence-esthetique.fr\/wp-content\/uploads\/2019\/03\/otoplastie-adulte_duo_dos_0.jpg 1536w\" sizes=\"(max-width: 520px) 100vw, 520px\" \/>\t\t\t\t\t<\/div>\n\t\t\t\t<\/div>\n\t\t\t\t\t\t\t\t<div id=\"clinical-case-7821\" class=\"btn-href clinical-case col-12 col-md-6 col-lg-4 mb-3 text-center\" data-href=\"https:\/\/excellence-esthetique.fr\/fr\/cas-cliniques\/1-otoplastie\/\">\n\t\t\t\t\t<div class=\"d-block clinical-case-thumbnail rounded shadow mb-1\"  title=\"Otoplastie\">\n\t\t\t\t\t\t<img src=\"https:\/\/excellence-esthetique.fr\/wp-content\/uploads\/2019\/03\/otoplastie-enfant_duo_dos_0-520x390.jpg\" class=\"img-fluid wp-post-image\" alt=\"Otoplastie enfant vue de dos duo\" loading=\"lazy\" srcset=\"https:\/\/excellence-esthetique.fr\/wp-content\/uploads\/2019\/03\/otoplastie-enfant_duo_dos_0-520x390.jpg 520w, https:\/\/excellence-esthetique.fr\/wp-content\/uploads\/2019\/03\/otoplastie-enfant_duo_dos_0-350x263.jpg 350w, https:\/\/excellence-esthetique.fr\/wp-content\/uploads\/2019\/03\/otoplastie-enfant_duo_dos_0-1024x768.jpg 1024w, https:\/\/excellence-esthetique.fr\/wp-content\/uploads\/2019\/03\/otoplastie-enfant_duo_dos_0.jpg 1536w\" sizes=\"(max-width: 520px) 100vw, 520px\" \/>\t\t\t\t\t<\/div>\n\t\t\t\t<\/div>\n\t\t\t\t\t\t\t\t<div class=\"col-12 text-center mb-3\">\n\t\t\t\t\t<button class=\"btn btn-href btn-warning mt-1\" data-href=\"https:\/\/excellence-esthetique.fr\/fr\/cas-cliniques\/1-otoplastie\/\">Toutes les photos avant\/apres - Otoplastie<\/button>\n\t\t\t\t<\/div>\n\t\t\t<\/div>\n\t\t\t<\/p>\n<hr>\n<h2 style=\"text-align: left;\">Quel est le prix d'une otoplastie \ud83d\udc42 ?<\/h2>\n<p style=\"text-align: left;\">Vous pouvez retrouver les honoraires pratiqu\u00e9s par les chirurgiens de la Policlinique Esth\u00e9tique Marigny Vincennes ici :<\/p>\n<ul style=\"text-align: left;\">\n<li><a href=\"https:\/\/excellence-esthetique.fr\/fr\/dr-gerbault\/#tarifs\">Tarifs du Docteur Gerbault<\/a><\/li>\n<\/ul>\n<hr>\n<p style=\"text-align: left;\"><a href=\"https:\/\/excellence-esthetique.fr\/wp-content\/uploads\/463.pdf\" target=\"_blank\" rel=\"noopener noreferrer\">Fiche d'information SoFCPRE (Soci\u00e9t\u00e9 Fran\u00e7aise de Chirurgie Plastique Reconstructrice et Esth\u00e9tique)<\/a><\/p>\n<p style=\"text-align: center;\"><em>Derni\u00e8re modification : <time datetime=\"2023-05-28\">28 mai 2023<\/time><\/em><\/p>\n\n\n","protected":false},"excerpt":{"rendered":"<p>Qu&rsquo;est-ce qu&rsquo;une chirurgie des oreilles ? L&rsquo;otoplastie \ud83d\udc42, ou chirurgie esth\u00e9tique des oreilles, est l&rsquo;intervention qui permet de recoller les oreilles. Elle peut \u00eatre pratiqu\u00e9e chez les enfants comme chez les adultes. Elle peut \u00eatre pratiqu\u00e9e \u00e0 partir de l&rsquo;\u00e2ge de 7 ans, d\u00e8s lors que l&rsquo;enfant se plaint de son aspect et en souffre&#8230;.<\/p>\n","protected":false},"author":5,"featured_media":10821,"parent":0,"menu_order":53,"comment_status":"closed","ping_status":"closed","template":"","meta":[],"acf":[],"yoast_head":"<!-- This site is optimized with the Yoast SEO plugin v18.3 - https:\/\/yoast.com\/wordpress\/plugins\/seo\/ -->\n<title>Otoplastie \ud83d\udc42 Paris : op\u00e9ration des oreilles d\u00e9coll\u00e9es \u2705<\/title>\n<meta name=\"description\" content=\"L\u2019otoplastie, ou chirurgie esth\u00e9tique des oreilles, est l\u2019intervention qui permet de recoller les oreilles. Elle peut \u00eatre pratiqu\u00e9e chez les enfants...\" \/>\n<meta name=\"robots\" content=\"index, follow, max-snippet:-1, max-image-preview:large, max-video-preview:-1\" \/>\n<link rel=\"canonical\" href=\"https:\/\/excellence-esthetique.fr\/fr\/otoplasties\/\" \/>\n<meta property=\"og:locale\" content=\"fr_FR\" \/>\n<meta property=\"og:type\" content=\"article\" \/>\n<meta property=\"og:title\" content=\"Otoplastie \ud83d\udc42 Paris : op\u00e9ration des oreilles d\u00e9coll\u00e9es \u2705\" \/>\n<meta property=\"og:description\" content=\"L\u2019otoplastie, ou chirurgie esth\u00e9tique des oreilles, est l\u2019intervention qui permet de recoller les oreilles. Elle peut \u00eatre pratiqu\u00e9e chez les enfants...\" \/>\n<meta property=\"og:url\" content=\"https:\/\/excellence-esthetique.fr\/fr\/otoplasties\/\" \/>\n<meta property=\"og:site_name\" content=\"Chirurgien rhinoplastie Paris : Dr Gerbault\" \/>\n<meta property=\"article:publisher\" content=\"https:\/\/www.facebook.com\/Dr.Gerbault\/\" \/>\n<meta property=\"article:modified_time\" content=\"2023-05-30T15:50:48+00:00\" \/>\n<meta property=\"og:image\" content=\"https:\/\/excellence-esthetique.fr\/wp-content\/uploads\/otoplastie-enfant_2224_duologo.jpg\" \/>\n\t<meta property=\"og:image:width\" content=\"2016\" \/>\n\t<meta property=\"og:image:height\" content=\"1382\" \/>\n\t<meta property=\"og:image:type\" content=\"image\/jpeg\" \/>\n<meta name=\"twitter:card\" content=\"summary_large_image\" \/>\n<meta name=\"twitter:site\" content=\"@Dr_Gerbault\" \/>\n<meta name=\"twitter:label1\" content=\"Dur\u00e9e de lecture estim\u00e9e\" \/>\n\t<meta name=\"twitter:data1\" content=\"6 minutes\" \/>\n<script type=\"application\/ld+json\" class=\"yoast-schema-graph\">{\"@context\":\"https:\/\/schema.org\",\"@graph\":[{\"@type\":[\"Organization\",\"Place\",\"PlasticSurgery\"],\"@id\":\"https:\/\/excellence-esthetique.fr\/fr\/#organization\",\"name\":\"Chirurgien rhinoplastie Paris : Dr Gerbault\",\"url\":\"https:\/\/excellence-esthetique.fr\/fr\/\",\"sameAs\":[\"https:\/\/www.facebook.com\/Dr.Gerbault\/\",\"https:\/\/www.instagram.com\/dr_gerbault_rhinoplastie_paris\/\",\"https:\/\/www.linkedin.com\/in\/oliviergerbault\/\",\"https:\/\/www.youtube.com\/GERBOLIVIER\",\"https:\/\/twitter.com\/Dr_Gerbault\"],\"logo\":{\"@id\":\"https:\/\/excellence-esthetique.fr\/fr\/otoplasties\/#local-main-organization-logo\"},\"image\":{\"@id\":\"https:\/\/excellence-esthetique.fr\/fr\/otoplasties\/#local-main-organization-logo\"},\"address\":{\"@id\":\"https:\/\/excellence-esthetique.fr\/fr\/otoplasties\/#local-main-place-address\"},\"geo\":{\"@type\":\"GeoCoordinates\",\"latitude\":\"48.86772289599891\",\"longitude\":\"2.2794640614090103\"},\"telephone\":[\"+33153663030\"],\"openingHoursSpecification\":{\"@type\":\"OpeningHoursSpecification\",\"dayOfWeek\":[\"Monday\",\"Tuesday\",\"Wednesday\",\"Thursday\",\"Friday\",\"Saturday\",\"Sunday\"],\"opens\":\"00:00\",\"closes\":\"23:59\"},\"areaServed\":\"France\",\"vatID\":\"FR54488777194\",\"taxID\":\"FR54488777194\",\"priceRange\":\"$$$$\"},{\"@type\":\"WebSite\",\"@id\":\"https:\/\/excellence-esthetique.fr\/fr\/#website\",\"url\":\"https:\/\/excellence-esthetique.fr\/fr\/\",\"name\":\"Chirurgien rhinoplastie Paris : Dr Gerbault\",\"description\":\"\",\"publisher\":{\"@id\":\"https:\/\/excellence-esthetique.fr\/fr\/#organization\"},\"potentialAction\":[{\"@type\":\"SearchAction\",\"target\":{\"@type\":\"EntryPoint\",\"urlTemplate\":\"https:\/\/excellence-esthetique.fr\/fr\/?s={search_term_string}\"},\"query-input\":\"required name=search_term_string\"}],\"inLanguage\":\"fr-FR\"},{\"@type\":\"ImageObject\",\"@id\":\"https:\/\/excellence-esthetique.fr\/fr\/otoplasties\/#primaryimage\",\"inLanguage\":\"fr-FR\",\"url\":\"https:\/\/excellence-esthetique.fr\/wp-content\/uploads\/otoplastie-enfant_2224_duologo.jpg\",\"contentUrl\":\"https:\/\/excellence-esthetique.fr\/wp-content\/uploads\/otoplastie-enfant_2224_duologo.jpg\",\"width\":2016,\"height\":1382,\"caption\":\"Otoplastie \u00e0 Paris\"},{\"@type\":[\"WebPage\",\"MedicalWebPage\"],\"@id\":\"https:\/\/excellence-esthetique.fr\/fr\/otoplasties\/#webpage\",\"url\":\"https:\/\/excellence-esthetique.fr\/fr\/otoplasties\/\",\"name\":\"Otoplastie \ud83d\udc42 Paris : op\u00e9ration des oreilles d\u00e9coll\u00e9es \u2705\",\"isPartOf\":{\"@id\":\"https:\/\/excellence-esthetique.fr\/fr\/#website\"},\"primaryImageOfPage\":{\"@id\":\"https:\/\/excellence-esthetique.fr\/fr\/otoplasties\/#primaryimage\"},\"datePublished\":\"2023-05-27T23:00:47+00:00\",\"dateModified\":\"2023-05-30T15:50:48+00:00\",\"description\":\"L\u2019otoplastie, ou chirurgie esth\u00e9tique des oreilles, est l\u2019intervention qui permet de recoller les oreilles. Elle peut \u00eatre pratiqu\u00e9e chez les enfants...\",\"breadcrumb\":{\"@id\":\"https:\/\/excellence-esthetique.fr\/fr\/otoplasties\/#breadcrumb\"},\"inLanguage\":\"fr-FR\",\"potentialAction\":[{\"@type\":\"ReadAction\",\"target\":[\"https:\/\/excellence-esthetique.fr\/fr\/otoplasties\/\"]}]},{\"@type\":\"BreadcrumbList\",\"@id\":\"https:\/\/excellence-esthetique.fr\/fr\/otoplasties\/#breadcrumb\",\"itemListElement\":[{\"@type\":\"ListItem\",\"position\":1,\"name\":\"Chirurgie esth\u00e9tique Paris\",\"item\":\"https:\/\/excellence-esthetique.fr\/fr\"},{\"@type\":\"ListItem\",\"position\":2,\"name\":\"Otoplastie \ud83d\udc42\"}]},{\"@type\":\"PostalAddress\",\"@id\":\"https:\/\/excellence-esthetique.fr\/fr\/otoplasties\/#local-main-place-address\",\"streetAddress\":\"138 avenue Victor Hugo\",\"addressLocality\":\"Paris\",\"postalCode\":\"75116\",\"addressCountry\":\"FR\"},{\"@type\":\"ImageObject\",\"@id\":\"https:\/\/excellence-esthetique.fr\/fr\/otoplasties\/#local-main-organization-logo\",\"inLanguage\":\"fr-FR\",\"url\":\"https:\/\/excellence-esthetique.fr\/wp-content\/uploads\/logo.jpg\",\"contentUrl\":\"https:\/\/excellence-esthetique.fr\/wp-content\/uploads\/logo.jpg\",\"width\":600,\"height\":334,\"caption\":\"Chirurgien rhinoplastie Paris : Dr Gerbault\"}]}<\/script>\n<meta name=\"geo.placename\" content=\"Paris\" \/>\n<meta name=\"geo.position\" content=\"48.86772289599891;2.2794640614090103\" \/>\n<meta name=\"geo.region\" content=\"France\" \/>\n<!-- \/ Yoast SEO plugin. -->","yoast_head_json":{"title":"Otoplastie \ud83d\udc42 Paris : op\u00e9ration des oreilles d\u00e9coll\u00e9es \u2705","description":"L\u2019otoplastie, ou chirurgie esth\u00e9tique des oreilles, est l\u2019intervention qui permet de recoller les oreilles. Elle peut \u00eatre pratiqu\u00e9e chez les enfants...","robots":{"index":"index","follow":"follow","max-snippet":"max-snippet:-1","max-image-preview":"max-image-preview:large","max-video-preview":"max-video-preview:-1"},"canonical":"https:\/\/excellence-esthetique.fr\/fr\/otoplasties\/","og_locale":"fr_FR","og_type":"article","og_title":"Otoplastie \ud83d\udc42 Paris : op\u00e9ration des oreilles d\u00e9coll\u00e9es \u2705","og_description":"L\u2019otoplastie, ou chirurgie esth\u00e9tique des oreilles, est l\u2019intervention qui permet de recoller les oreilles. Elle peut \u00eatre pratiqu\u00e9e chez les enfants...","og_url":"https:\/\/excellence-esthetique.fr\/fr\/otoplasties\/","og_site_name":"Chirurgien rhinoplastie Paris : Dr Gerbault","article_publisher":"https:\/\/www.facebook.com\/Dr.Gerbault\/","article_modified_time":"2023-05-30T15:50:48+00:00","og_image":[{"width":2016,"height":1382,"url":"https:\/\/excellence-esthetique.fr\/wp-content\/uploads\/otoplastie-enfant_2224_duologo.jpg","type":"image\/jpeg"}],"twitter_card":"summary_large_image","twitter_site":"@Dr_Gerbault","twitter_misc":{"Dur\u00e9e de lecture estim\u00e9e":"6 minutes"},"schema":{"@context":"https:\/\/schema.org","@graph":[{"@type":["Organization","Place","PlasticSurgery"],"@id":"https:\/\/excellence-esthetique.fr\/fr\/#organization","name":"Chirurgien rhinoplastie Paris : Dr Gerbault","url":"https:\/\/excellence-esthetique.fr\/fr\/","sameAs":["https:\/\/www.facebook.com\/Dr.Gerbault\/","https:\/\/www.instagram.com\/dr_gerbault_rhinoplastie_paris\/","https:\/\/www.linkedin.com\/in\/oliviergerbault\/","https:\/\/www.youtube.com\/GERBOLIVIER","https:\/\/twitter.com\/Dr_Gerbault"],"logo":{"@id":"https:\/\/excellence-esthetique.fr\/fr\/otoplasties\/#local-main-organization-logo"},"image":{"@id":"https:\/\/excellence-esthetique.fr\/fr\/otoplasties\/#local-main-organization-logo"},"address":{"@id":"https:\/\/excellence-esthetique.fr\/fr\/otoplasties\/#local-main-place-address"},"geo":{"@type":"GeoCoordinates","latitude":"48.86772289599891","longitude":"2.2794640614090103"},"telephone":["+33153663030","+33153663030"],"openingHoursSpecification":{"@type":"OpeningHoursSpecification","dayOfWeek":["Monday","Tuesday","Wednesday","Thursday","Friday","Saturday","Sunday"],"opens":"00:00","closes":"23:59"},"areaServed":"France","vatID":"FR54488777194","taxID":"FR54488777194","priceRange":"$$$$"},{"@type":"WebSite","@id":"https:\/\/excellence-esthetique.fr\/fr\/#website","url":"https:\/\/excellence-esthetique.fr\/fr\/","name":"Chirurgien rhinoplastie Paris : Dr Gerbault","description":"","publisher":{"@id":"https:\/\/excellence-esthetique.fr\/fr\/#organization"},"potentialAction":[{"@type":"SearchAction","target":{"@type":"EntryPoint","urlTemplate":"https:\/\/excellence-esthetique.fr\/fr\/?s={search_term_string}"},"query-input":"required name=search_term_string"}],"inLanguage":"fr-FR"},{"@type":"ImageObject","@id":"https:\/\/excellence-esthetique.fr\/fr\/otoplasties\/#primaryimage","inLanguage":"fr-FR","url":"https:\/\/excellence-esthetique.fr\/wp-content\/uploads\/otoplastie-enfant_2224_duologo.jpg","contentUrl":"https:\/\/excellence-esthetique.fr\/wp-content\/uploads\/otoplastie-enfant_2224_duologo.jpg","width":2016,"height":1382,"caption":"Otoplastie \u00e0 Paris"},{"@type":["WebPage","MedicalWebPage"],"@id":"https:\/\/excellence-esthetique.fr\/fr\/otoplasties\/#webpage","url":"https:\/\/excellence-esthetique.fr\/fr\/otoplasties\/","name":"Otoplastie \ud83d\udc42 Paris : op\u00e9ration des oreilles d\u00e9coll\u00e9es \u2705","isPartOf":{"@id":"https:\/\/excellence-esthetique.fr\/fr\/#website"},"primaryImageOfPage":{"@id":"https:\/\/excellence-esthetique.fr\/fr\/otoplasties\/#primaryimage"},"datePublished":"2023-05-27T23:00:47+00:00","dateModified":"2023-05-30T15:50:48+00:00","description":"L\u2019otoplastie, ou chirurgie esth\u00e9tique des oreilles, est l\u2019intervention qui permet de recoller les oreilles. Elle peut \u00eatre pratiqu\u00e9e chez les enfants...","breadcrumb":{"@id":"https:\/\/excellence-esthetique.fr\/fr\/otoplasties\/#breadcrumb"},"inLanguage":"fr-FR","potentialAction":[{"@type":"ReadAction","target":["https:\/\/excellence-esthetique.fr\/fr\/otoplasties\/"]}]},{"@type":"BreadcrumbList","@id":"https:\/\/excellence-esthetique.fr\/fr\/otoplasties\/#breadcrumb","itemListElement":[{"@type":"ListItem","position":1,"name":"Chirurgie esth\u00e9tique Paris","item":"https:\/\/excellence-esthetique.fr\/fr"},{"@type":"ListItem","position":2,"name":"Otoplastie \ud83d\udc42"}]},{"@type":"PostalAddress","@id":"https:\/\/excellence-esthetique.fr\/fr\/otoplasties\/#local-main-place-address","streetAddress":"138 avenue Victor Hugo","addressLocality":"Paris","postalCode":"75116","addressCountry":"FR"},{"@type":"ImageObject","@id":"https:\/\/excellence-esthetique.fr\/fr\/otoplasties\/#local-main-organization-logo","inLanguage":"fr-FR","url":"https:\/\/excellence-esthetique.fr\/wp-content\/uploads\/logo.jpg","contentUrl":"https:\/\/excellence-esthetique.fr\/wp-content\/uploads\/logo.jpg","width":600,"height":334,"caption":"Chirurgien rhinoplastie Paris : Dr Gerbault"}]},"geo.placename":"Paris","geo.position":{"lat":"48.86772289599891","long":"2.2794640614090103"},"geo.region":"France"},"_links":{"self":[{"href":"https:\/\/excellence-esthetique.fr\/fr\/wp-json\/wp\/v2\/pages\/154"}],"collection":[{"href":"https:\/\/excellence-esthetique.fr\/fr\/wp-json\/wp\/v2\/pages"}],"about":[{"href":"https:\/\/excellence-esthetique.fr\/fr\/wp-json\/wp\/v2\/types\/page"}],"author":[{"embeddable":true,"href":"https:\/\/excellence-esthetique.fr\/fr\/wp-json\/wp\/v2\/users\/5"}],"replies":[{"embeddable":true,"href":"https:\/\/excellence-esthetique.fr\/fr\/wp-json\/wp\/v2\/comments?post=154"}],"version-history":[{"count":7,"href":"https:\/\/excellence-esthetique.fr\/fr\/wp-json\/wp\/v2\/pages\/154\/revisions"}],"predecessor-version":[{"id":24844,"href":"https:\/\/excellence-esthetique.fr\/fr\/wp-json\/wp\/v2\/pages\/154\/revisions\/24844"}],"wp:featuredmedia":[{"embeddable":true,"href":"https:\/\/excellence-esthetique.fr\/fr\/wp-json\/wp\/v2\/media\/10821"}],"wp:attachment":[{"href":"https:\/\/excellence-esthetique.fr\/fr\/wp-json\/wp\/v2\/media?parent=154"}],"curies":[{"name":"wp","href":"https:\/\/api.w.org\/{rel}","templated":true}]}}