{"id":294,"date":"2015-07-01T11:20:08","date_gmt":"2015-07-01T10:20:08","guid":{"rendered":"https:\/\/excellence-esthetique.fr\/?page_id=294"},"modified":"2022-12-09T22:42:31","modified_gmt":"2022-12-09T21:42:31","slug":"profiloplasties","status":"publish","type":"page","link":"https:\/\/excellence-esthetique.fr\/fr\/profiloplasties\/","title":{"rendered":"Profiloplastie : la chirurgie du profil facial"},"content":{"rendered":"<h2><img loading=\"lazy\" class=\"aligncenter size-full wp-image-6447\" src=\"https:\/\/excellence-esthetique.fr\/wp-content\/uploads\/profiloplastie-paris.jpg\" alt=\"profiloplastie paris\" width=\"408\" height=\"266\" srcset=\"https:\/\/excellence-esthetique.fr\/wp-content\/uploads\/profiloplastie-paris.jpg 408w, https:\/\/excellence-esthetique.fr\/wp-content\/uploads\/profiloplastie-paris-350x228.jpg 350w\" sizes=\"(max-width: 408px) 100vw, 408px\"><\/h2>\n<hr>\n<h2 style=\"text-align: left;\">Qu'est-ce qu'une profiloplastie ?<\/h2>\n<p style=\"text-align: left;\">On appelle <strong>profiloplastie<\/strong> l\u2019ensemble des gestes d\u2019<strong>harmonisation des reliefs du visage<\/strong>. Il peut s\u2019agir de proc\u00e9d\u00e9s m\u00e9dicaux ou chirurgicaux concernant globalement le nez, le menton, le front, les pommettes. Le nez est classiquement au centre de ce remodelage par la r\u00e9alisation d'une <a href=\"https:\/\/excellence-esthetique.fr\/fr\/rhinoplastie\/\">rhinoplastie<\/a>.<\/p>\n<p style=\"text-align: left;\">Il peut s\u2019agir\u00a0:<\/p>\n<ul>\n<li style=\"text-align: left;\">Pour le <strong>menton<\/strong> : d\u2019une <a href=\"https:\/\/excellence-esthetique.fr\/fr\/genioplasties\/\">augmentation par avancement osseux<\/a>, par proth\u00e8se mentonni\u00e8re, par lipofilling, par produit de comblement. D\u2019une r\u00e9duction par chirurgie osseuse.<\/li>\n<li style=\"text-align: left;\">Pour le <strong>front<\/strong> : d\u2019une augmentation par lipofilling ou produits de comblement, d\u2019un remodelage osseux d\u2019irr\u00e9gularit\u00e9s ou de bosses du front, d\u2019un creusement de l\u2019angle entre le nez et le front.<\/li>\n<li style=\"text-align: left;\">Pour les <strong>pommettes<\/strong> : d\u2019une augmentation par <a href=\"https:\/\/excellence-esthetique.fr\/fr\/lipofillings\/\">lipofilling<\/a> ou produit de comblement.<\/li>\n<\/ul>\n<p style=\"text-align: center;\"><a class=\"btn btn-warning\" href=\"https:\/\/excellence-esthetique.fr\/fr\/cas-cliniques\/3-profiloplastie\/\"> Voir les photos Avant \/ Apr\u00e8s de profiloplastie <\/a><\/p>\n<hr>\n<h2 style=\"text-align: left;\">Pourquoi avoir recours \u00e0 une profiloplastie ?<\/h2>\n<p style=\"text-align: left;\">Les patients b\u00e9n\u00e9ficiant d\u2019une <strong>profiloplastie<\/strong> viennent le plus souvent consulter pour leur nez, qui para\u00eet habituellement trop fort, trop grand.<\/p>\n<ul style=\"text-align: left;\">\n<li style=\"text-align: justify;\">Mais si le regard est avant tout attir\u00e9 par le nez qui se situe au milieu du visage, certains reliefs insuffisamment marqu\u00e9s tout autour du nez peuvent le faire percevoir comme trop fort\u00a0: un <strong>menton en retrait<\/strong>, un <strong>front fuyant<\/strong>, des <strong>pommettes trop plates<\/strong> laissent voir un <strong>nez trop imposant<\/strong>.<\/li>\n<li style=\"text-align: justify;\">M\u00eame s\u2019il est souvent n\u00e9cessaire de pratiquer une <a href=\"https:\/\/excellence-esthetique.fr\/fr\/rhinoplastie\/\">rhinoplastie<\/a> pour adoucir la perception du nez, l\u2019augmentation du menton, du front ou des pommettes viennent \u00e9quilibrer et magnifier le visage.<\/li>\n<\/ul>\n<p style=\"text-align: left;\"><img loading=\"lazy\" class=\"wp-image-1237 aligncenter\" src=\"https:\/\/excellence-esthetique.fr\/wp-content\/uploads\/profiloplastie_408-245x244.jpg\" alt=\"profiloplastie_408\" width=\"283\" height=\"282\" srcset=\"https:\/\/excellence-esthetique.fr\/wp-content\/uploads\/profiloplastie_408-245x244.jpg 245w, https:\/\/excellence-esthetique.fr\/wp-content\/uploads\/profiloplastie_408-150x150.jpg 150w, https:\/\/excellence-esthetique.fr\/wp-content\/uploads\/profiloplastie_408-60x60.jpg 60w, https:\/\/excellence-esthetique.fr\/wp-content\/uploads\/profiloplastie_408.jpg 408w\" sizes=\"(max-width: 283px) 100vw, 283px\"><\/p>\n<p>\u00a0<\/p>\n<hr>\n<h2 style=\"text-align: left;\">Quelles sont les \u00e9tapes d'une profiloplastie ?<\/h2>\n<p style=\"text-align: left;\">Il faut savoir que dans certains cas, un bon r\u00e9\u00e9quilibrage du menton passe par un <strong>traitement orthodontique<\/strong> pr\u00e9alable (qui dure entre un et deux ans), ce qui explique que certains patients pr\u00e9f\u00e8rent un r\u00e9sultat moins spectaculaire (on ne touche pas au menton, ou on effectue un geste mod\u00e9r\u00e9), mais moins contraignant \u00e9galement.<\/p>\n<p style=\"text-align: left;\">Choisir son chirurgien\u00a0<strong>sp\u00e9cialis\u00e9 dans la chirurgie du nez\u00a0<\/strong>avec soin ; ce qui est le cas du\u00a0<a href=\"https:\/\/excellence-esthetique.fr\/fr\/dr-gerbault\/\" data-wpel-link=\"internal\">Docteur Gerbault<\/a>\u00a0qui est sp\u00e9cialis\u00e9 en\u00a0<a href=\"https:\/\/excellence-esthetique.fr\/fr\/\">rhinoplastie \u00e0 Paris<\/a>\u00a0depuis pr\u00e8s de 20 ans.<\/p>\n<p style=\"text-align: left;\">A lire \u00e0 ce sujet :<\/p>\n<ul style=\"text-align: left;\">\n<li><a href=\"https:\/\/excellence-esthetique.fr\/fr\/comment-quel-choisir-chirurgien-esthetique.html\">Comment choisir un chirurgien esth\u00e9tique ?<\/a><\/li>\n<li><a href=\"https:\/\/excellence-esthetique.fr\/fr\/faut-il-choisir-un-chirurgien-esthetique-ou-un-orl-pour-une-rhinoplastie.html\" data-wpel-link=\"internal\">Rhinoplastie : chirurgien esth\u00e9tique ou ORL ?<\/a><\/li>\n<\/ul>\n<h3 style=\"text-align: left;\">La consultation :<\/h3>\n<p style=\"text-align: left;\">Elle se d\u00e9roule de <a href=\"https:\/\/excellence-esthetique.fr\/fr\/rhinoplastie\/#etapes\">fa\u00e7on identique \u00e0 celle d\u2019une rhinoplastie<\/a>, qui inclue elle-m\u00eame la prise en compte des reliefs du visage.<\/p>\n<p style=\"text-align: left;\">Une analyse compl\u00e8te\u00a0du nez est r\u00e9alis\u00e9e (esth\u00e9tique et fonctionnelle).<\/p>\n<ul style=\"text-align: left;\">\n<li>Compl\u00e9t\u00e9e par un autre geste de chirurgie esth\u00e9tique pour compl\u00e9ter la rhinoplastie dans un projet de <strong>r\u00e9harmonisation du visage<\/strong> (profiloplastie).<\/li>\n<li>On peut <strong>corriger\u00a0le menton<\/strong>, afin d'avancer un menton fuyant, rehausser un menton trop bas, ou \u00e0 l\u2019inverse, reculer ou abaisser un menton trop projet\u00e9 en avant ou trop haut situ\u00e9.<\/li>\n<li>On peut aussi \u00eatre amen\u00e9 \u00e0 <strong>corriger un front fuyant<\/strong>, ou trop plat, voire m\u00eame parfois des <strong>pommettes trop plates<\/strong> pour donner encore plus de relief au nez.<\/li>\n<li>De <strong>nombreuses mesures<\/strong> sont prises pour v\u00e9rifier la bonne harmonie des reliefs modifi\u00e9s du visage.<\/li>\n<li>Des <strong>simulations informatiques<\/strong> sont r\u00e9alis\u00e9es\u00a0pour bien visualiser ce que le r\u00e9\u00e9quilibrage des proportions du visage vont apporter.<\/li>\n<li>Chaque proc\u00e9d\u00e9 d\u2019augmentation ou de r\u00e9duction s\u2019adapte en effet de fa\u00e7on tr\u00e8s contr\u00f4l\u00e9e et progressive, qu\u2019il s\u2019agisse du degr\u00e9 d\u2019avancement osseux, du remodelage des proth\u00e8ses, de la quantit\u00e9 de graisse ou de produit injectable utilis\u00e9e, etc.<\/li>\n<\/ul>\n<h3 style=\"text-align: left;\">L\u2019intervention :<\/h3>\n<ul style=\"text-align: left;\">\n<li>Dur\u00e9e de l\u2019intervention\u00a0: 1h30 \u00e0 4h, selon la complexit\u00e9.<\/li>\n<li>Dur\u00e9e de l\u2019hospitalisation : 1 journ\u00e9e et 1 nuit. L\u2019hospitalisation a lieu le matin de l\u2019intervention \u00e0 jeun.<\/li>\n<li>Type d\u2019anesth\u00e9sie : g\u00e9n\u00e9rale le plus souvent.<\/li>\n<li>Avant l\u2019intervention : Certains m\u00e9dicaments ne devront pas \u00eatre pris 10 jours avant l\u2019intervention : aspirine, anti-inflammatoires, anti-coagulants, etc.<\/li>\n<li>Fin de l'intervention : une attelle en r\u00e9sine est mise sur le nez et doit \u00eatre gard\u00e9e six jours. Il n'y a habituellement\u00a0<a href=\"https:\/\/excellence-esthetique.fr\/fr\/fini-les-meches-apres-une-rhinoplastie.html\" data-wpel-link=\"internal\">pas de m\u00e8ches apr\u00e8s une rhinoplastie<\/a>\u00a0effectu\u00e9e par le Docteur Gerbault.<\/li>\n<\/ul>\n<h3 style=\"text-align: left;\">Les suites de l\u2019intervention :<\/h3>\n<ul style=\"text-align: left;\">\n<li>Les profiloplasties, au m\u00eame titre que les rhinoplasties, sont des interventions qui ne sont <strong>pas douloureuses<\/strong>.<\/li>\n<li>Un certain \u0153d\u00e8me persiste dans les semaines suivant l\u2019op\u00e9ration, de m\u00eame qu\u2019une modification mod\u00e9r\u00e9e et transitoire de la sensibilit\u00e9 en regard de la zone trait\u00e9e.<\/li>\n<li>La reprise du travail peut se faire dans les 7 jours suivant l\u2019op\u00e9ration, et le r\u00e9sultat final s'appr\u00e9cie au mieux vers 3 mois postop\u00e9ratoire.<\/li>\n<li>Les risques possibles de l'intervention sont li\u00e9s au proc\u00e9d\u00e9 utilis\u00e9 (proth\u00e8ses, lipofilling, produits injectables, etc.).<\/li>\n<li>Par ailleurs, une sur correction ou sous correction survient rarement, n\u00e9cessitant une petite retouche post-op\u00e9ratoire.<\/li>\n<li>Selon le type d'intervention, il peut persister une petite cicatrice sous le menton, le plus souvent, ou parfois \u00e0 l\u2019int\u00e9rieur de la bouche.<\/li>\n<li>Quand il s'agit d'injection, il n'y a pas \u00e0 proprement parler de cicatrices.<\/li>\n<li>Il y a fr\u00e9quemment une petite diminution transitoire de la sensibilit\u00e9 au niveau des zones trait\u00e9es.<\/li>\n<\/ul>\n<p style=\"text-align: left;\">Les r\u00e9sultats de l\u2019intervention persistent \u00ab\u00a0<strong>\u00e0 vie<\/strong> \u00bb ; puisque l\u2019on agit sur l\u2019architecture ost\u00e9ocartilagineuse du nez qui est remodel\u00e9e pour obtenir la forme d\u00e9sir\u00e9e.<\/p>\n<p style=\"text-align: left;\">Cependant, le vieillissement facial intervient \u00e9galement au niveau du nez, et avec le temps, le forme du nez peut se modifier un peu, comme c\u2019est le cas chez les sujets non op\u00e9r\u00e9s.<\/p>\n<p><em>\u00a0<\/em><\/p>\n<p style=\"text-align: justify;\"><img loading=\"lazy\" class=\"aligncenter wp-image-1239 size-full\" src=\"https:\/\/excellence-esthetique.fr\/wp-content\/uploads\/skeleton_facial_implant.png\" alt=\"skeleton_facial_implant\" width=\"560\" height=\"230\" srcset=\"https:\/\/excellence-esthetique.fr\/wp-content\/uploads\/skeleton_facial_implant.png 560w, https:\/\/excellence-esthetique.fr\/wp-content\/uploads\/skeleton_facial_implant-245x101.png 245w, https:\/\/excellence-esthetique.fr\/wp-content\/uploads\/skeleton_facial_implant-520x214.png 520w\" sizes=\"(max-width: 560px) 100vw, 560px\"><\/p>\n<p style=\"text-align: center;\">\t\t\t<div class=\"row justify-content-center bg-light pt-3 mb-3\">\n\t\t\t\t\t\t\t\t<div id=\"clinical-case-7819\" class=\"btn-href clinical-case col-12 col-md-6 col-lg-4 mb-3 text-center\" data-href=\"https:\/\/excellence-esthetique.fr\/fr\/cas-cliniques\/3-profiloplastie\/\">\n\t\t\t\t\t<div class=\"d-block clinical-case-thumbnail rounded shadow mb-1\"  title=\"Profiloplastie\">\n\t\t\t\t\t\t<img src=\"https:\/\/excellence-esthetique.fr\/wp-content\/uploads\/2019\/03\/profiloplastie-rhinoplastie-dharmonisation_duo_face_0-520x390.jpg\" class=\"img-fluid wp-post-image\" alt=\"Profiloplastie, Rhinoplastie d\u2019harmonisation vue de face duo\" loading=\"lazy\" srcset=\"https:\/\/excellence-esthetique.fr\/wp-content\/uploads\/2019\/03\/profiloplastie-rhinoplastie-dharmonisation_duo_face_0-520x390.jpg 520w, https:\/\/excellence-esthetique.fr\/wp-content\/uploads\/2019\/03\/profiloplastie-rhinoplastie-dharmonisation_duo_face_0-350x263.jpg 350w, https:\/\/excellence-esthetique.fr\/wp-content\/uploads\/2019\/03\/profiloplastie-rhinoplastie-dharmonisation_duo_face_0-1024x768.jpg 1024w, https:\/\/excellence-esthetique.fr\/wp-content\/uploads\/2019\/03\/profiloplastie-rhinoplastie-dharmonisation_duo_face_0.jpg 1536w\" sizes=\"(max-width: 520px) 100vw, 520px\" \/>\t\t\t\t\t<\/div>\n\t\t\t\t<\/div>\n\t\t\t\t\t\t\t\t<div id=\"clinical-case-15656\" class=\"btn-href clinical-case col-12 col-md-6 col-lg-4 mb-3 text-center\" data-href=\"https:\/\/excellence-esthetique.fr\/fr\/cas-cliniques\/3-profiloplastie\/\">\n\t\t\t\t\t<div class=\"d-block clinical-case-thumbnail rounded shadow mb-1\"  title=\"Profiloplastie\">\n\t\t\t\t\t\t<img src=\"https:\/\/excellence-esthetique.fr\/wp-content\/uploads\/2019\/06\/profiloplastie-rhinoplastie-et-lipofilling-menton_face_avant-apres_0-520x390.jpg\" class=\"img-fluid wp-post-image\" alt=\"Profiloplastie : rhinoplastie et lipofilling menton vue de face avant-apres\" loading=\"lazy\" srcset=\"https:\/\/excellence-esthetique.fr\/wp-content\/uploads\/2019\/06\/profiloplastie-rhinoplastie-et-lipofilling-menton_face_avant-apres_0-520x390.jpg 520w, https:\/\/excellence-esthetique.fr\/wp-content\/uploads\/2019\/06\/profiloplastie-rhinoplastie-et-lipofilling-menton_face_avant-apres_0-350x263.jpg 350w, https:\/\/excellence-esthetique.fr\/wp-content\/uploads\/2019\/06\/profiloplastie-rhinoplastie-et-lipofilling-menton_face_avant-apres_0-1024x768.jpg 1024w, https:\/\/excellence-esthetique.fr\/wp-content\/uploads\/2019\/06\/profiloplastie-rhinoplastie-et-lipofilling-menton_face_avant-apres_0.jpg 1536w\" sizes=\"(max-width: 520px) 100vw, 520px\" \/>\t\t\t\t\t<\/div>\n\t\t\t\t<\/div>\n\t\t\t\t\t\t\t\t<div id=\"clinical-case-22604\" class=\"btn-href clinical-case col-12 col-md-6 col-lg-4 mb-3 text-center\" data-href=\"https:\/\/excellence-esthetique.fr\/fr\/cas-cliniques\/3-profiloplastie\/\">\n\t\t\t\t\t<div class=\"d-block clinical-case-thumbnail rounded shadow mb-1\"  title=\"Profiloplastie\">\n\t\t\t\t\t\t<img src=\"https:\/\/excellence-esthetique.fr\/wp-content\/uploads\/2022\/04\/22604_face_avant-apres_0-520x390.jpg\" class=\"img-fluid wp-post-image\" alt=\"Profiloplastie avec harmonisation du visage vue de face avant-apres\" loading=\"lazy\" srcset=\"https:\/\/excellence-esthetique.fr\/wp-content\/uploads\/2022\/04\/22604_face_avant-apres_0-520x390.jpg 520w, https:\/\/excellence-esthetique.fr\/wp-content\/uploads\/2022\/04\/22604_face_avant-apres_0-350x263.jpg 350w, https:\/\/excellence-esthetique.fr\/wp-content\/uploads\/2022\/04\/22604_face_avant-apres_0-1024x768.jpg 1024w, https:\/\/excellence-esthetique.fr\/wp-content\/uploads\/2022\/04\/22604_face_avant-apres_0.jpg 1536w\" sizes=\"(max-width: 520px) 100vw, 520px\" \/>\t\t\t\t\t<\/div>\n\t\t\t\t<\/div>\n\t\t\t\t\t\t\t\t<div class=\"col-12 text-center mb-3\">\n\t\t\t\t\t<button class=\"btn btn-href btn-warning mt-1\" data-href=\"https:\/\/excellence-esthetique.fr\/fr\/cas-cliniques\/3-profiloplastie\/\">Toutes les photos avant\/apres - Profiloplastie<\/button>\n\t\t\t\t<\/div>\n\t\t\t<\/div>\n\t\t\t<\/p>\n<hr>\n<h2 style=\"text-align: left;\">Quel est le prix d'une profiloplastie ?<\/h2>\n<p style=\"text-align: left;\">Vous pouvez retrouver les honoraires pratiqu\u00e9s par les chirurgiens de la Policlinique Esth\u00e9tique Marigny Vincennes ici :<\/p>\n<ul style=\"text-align: left;\">\n<li><a href=\"https:\/\/excellence-esthetique.fr\/fr\/dr-gerbault\/#tarifs\">Tarifs du Docteur Gerbault<\/a><\/li>\n<\/ul>\n<hr>\n<h3 style=\"text-align: left;\">Toutes les rhinoplasties<\/h3>\n<ul style=\"text-align: left;\">\n<li><a href=\"https:\/\/excellence-esthetique.fr\/fr\/rhinoplastie\/\">Rhinoplastie<\/a><\/li>\n<li><a href=\"https:\/\/excellence-esthetique.fr\/fr\/rhinoplastie-ultrasonique\/\">Rhinoplastie ultrasonique<\/a><\/li>\n<\/ul>\n<hr>\n<p><a href=\"https:\/\/excellence-esthetique.fr\/wp-content\/uploads\/461.pdf\">Fiche d'information SoFCPRE (Soci\u00e9t\u00e9 Fran\u00e7aise de Chirurgie Plastique Reconstructrice et Esth\u00e9tique)<\/a><br>\n<a href=\"https:\/\/excellence-esthetique.fr\/wp-content\/uploads\/562.pdf\">Ancienne fiche (2019)<\/a><br>\n<a href=\"https:\/\/excellence-esthetique.fr\/wp-content\/uploads\/rhinoplastie-2015.pdf\">Ancienne fiche (2015)<\/a><br>\n<a href=\"https:\/\/excellence-esthetique.fr\/wp-content\/uploads\/rhinoplastie-2013.pdf\">Ancienne fiche (2013)<\/a><br>\n<a href=\"https:\/\/excellence-esthetique.fr\/wp-content\/uploads\/Rhinoplastie-chirurgie-du-nez.pdf\">Ancienne fiche (2011)<\/a><br>\n<a href=\"https:\/\/excellence-esthetique.fr\/wp-content\/uploads\/rhinoplastie.pdf\">Ancienne fiche (2007)<\/a><\/p>\n<p style=\"text-align: center;\"><em>Derni\u00e8re modification : <time datetime=\"2022-01-23\">23 janvier 2022<\/time><\/em><\/p>\n\n\n","protected":false},"excerpt":{"rendered":"<p>Qu&rsquo;est-ce qu&rsquo;une profiloplastie ? On appelle profiloplastie l\u2019ensemble des gestes d\u2019harmonisation des reliefs du visage. Il peut s\u2019agir de proc\u00e9d\u00e9s m\u00e9dicaux ou chirurgicaux concernant globalement le nez, le menton, le front, les pommettes. Le nez est classiquement au centre de ce remodelage par la r\u00e9alisation d&rsquo;une rhinoplastie. Il peut s\u2019agir\u00a0: Pour le menton : d\u2019une&#8230;<\/p>\n","protected":false},"author":5,"featured_media":0,"parent":0,"menu_order":58,"comment_status":"closed","ping_status":"closed","template":"","meta":[],"acf":[],"yoast_head":"<!-- This site is optimized with the Yoast SEO plugin v18.3 - https:\/\/yoast.com\/wordpress\/plugins\/seo\/ -->\n<title>Profiloplastie \u00e0 Paris, la chirurgie du profil facial : nez, menton et front<\/title>\n<meta name=\"description\" content=\"On appelle profiloplastie l\u2019harmonisation des zones du visage : le nez, le menton, le front, les pommettes. Le nez est souvent au centre de ce remodelage...\" \/>\n<meta name=\"robots\" content=\"index, follow, max-snippet:-1, max-image-preview:large, max-video-preview:-1\" \/>\n<link rel=\"canonical\" href=\"https:\/\/excellence-esthetique.fr\/fr\/profiloplasties\/\" \/>\n<meta property=\"og:locale\" content=\"fr_FR\" \/>\n<meta property=\"og:type\" content=\"article\" \/>\n<meta property=\"og:title\" content=\"Profiloplastie \u00e0 Paris, la chirurgie du profil facial : nez, menton et front\" \/>\n<meta property=\"og:description\" content=\"On appelle profiloplastie l\u2019harmonisation des zones du visage : le nez, le menton, le front, les pommettes. Le nez est souvent au centre de ce remodelage...\" \/>\n<meta property=\"og:url\" content=\"https:\/\/excellence-esthetique.fr\/fr\/profiloplasties\/\" \/>\n<meta property=\"og:site_name\" content=\"Chirurgien rhinoplastie Paris : Dr Gerbault\" \/>\n<meta property=\"article:publisher\" content=\"https:\/\/www.facebook.com\/Dr.Gerbault\/\" \/>\n<meta property=\"article:modified_time\" content=\"2022-12-09T21:42:31+00:00\" \/>\n<meta property=\"og:image\" content=\"https:\/\/excellence-esthetique.fr\/wp-content\/uploads\/profiloplastie-paris.jpg\" \/>\n<meta name=\"twitter:card\" content=\"summary_large_image\" \/>\n<meta name=\"twitter:site\" content=\"@Dr_Gerbault\" \/>\n<meta name=\"twitter:label1\" content=\"Dur\u00e9e de lecture estim\u00e9e\" \/>\n\t<meta name=\"twitter:data1\" content=\"5 minutes\" \/>\n<script type=\"application\/ld+json\" class=\"yoast-schema-graph\">{\"@context\":\"https:\/\/schema.org\",\"@graph\":[{\"@type\":[\"Organization\",\"Place\",\"PlasticSurgery\"],\"@id\":\"https:\/\/excellence-esthetique.fr\/fr\/#organization\",\"name\":\"Chirurgien rhinoplastie Paris : Dr Gerbault\",\"url\":\"https:\/\/excellence-esthetique.fr\/fr\/\",\"sameAs\":[\"https:\/\/www.facebook.com\/Dr.Gerbault\/\",\"https:\/\/www.instagram.com\/dr_gerbault_rhinoplastie_paris\/\",\"https:\/\/www.linkedin.com\/in\/oliviergerbault\/\",\"https:\/\/www.youtube.com\/GERBOLIVIER\",\"https:\/\/twitter.com\/Dr_Gerbault\"],\"logo\":{\"@id\":\"https:\/\/excellence-esthetique.fr\/fr\/profiloplasties\/#local-main-organization-logo\"},\"image\":{\"@id\":\"https:\/\/excellence-esthetique.fr\/fr\/profiloplasties\/#local-main-organization-logo\"},\"address\":{\"@id\":\"https:\/\/excellence-esthetique.fr\/fr\/profiloplasties\/#local-main-place-address\"},\"geo\":{\"@type\":\"GeoCoordinates\",\"latitude\":\"48.86772289599891\",\"longitude\":\"2.2794640614090103\"},\"telephone\":[\"+33153663030\"],\"openingHoursSpecification\":{\"@type\":\"OpeningHoursSpecification\",\"dayOfWeek\":[\"Monday\",\"Tuesday\",\"Wednesday\",\"Thursday\",\"Friday\",\"Saturday\",\"Sunday\"],\"opens\":\"00:00\",\"closes\":\"23:59\"},\"areaServed\":\"France\",\"vatID\":\"FR54488777194\",\"taxID\":\"FR54488777194\",\"priceRange\":\"$$$$\"},{\"@type\":\"WebSite\",\"@id\":\"https:\/\/excellence-esthetique.fr\/fr\/#website\",\"url\":\"https:\/\/excellence-esthetique.fr\/fr\/\",\"name\":\"Chirurgien rhinoplastie Paris : Dr Gerbault\",\"description\":\"\",\"publisher\":{\"@id\":\"https:\/\/excellence-esthetique.fr\/fr\/#organization\"},\"potentialAction\":[{\"@type\":\"SearchAction\",\"target\":{\"@type\":\"EntryPoint\",\"urlTemplate\":\"https:\/\/excellence-esthetique.fr\/fr\/?s={search_term_string}\"},\"query-input\":\"required name=search_term_string\"}],\"inLanguage\":\"fr-FR\"},{\"@type\":\"ImageObject\",\"@id\":\"https:\/\/excellence-esthetique.fr\/fr\/profiloplasties\/#primaryimage\",\"inLanguage\":\"fr-FR\",\"url\":\"https:\/\/excellence-esthetique.fr\/wp-content\/uploads\/profiloplastie-paris.jpg\",\"contentUrl\":\"https:\/\/excellence-esthetique.fr\/wp-content\/uploads\/profiloplastie-paris.jpg\",\"width\":408,\"height\":266,\"caption\":\"profiloplastie paris\"},{\"@type\":[\"WebPage\",\"MedicalWebPage\"],\"@id\":\"https:\/\/excellence-esthetique.fr\/fr\/profiloplasties\/#webpage\",\"url\":\"https:\/\/excellence-esthetique.fr\/fr\/profiloplasties\/\",\"name\":\"Profiloplastie \u00e0 Paris, la chirurgie du profil facial : nez, menton et front\",\"isPartOf\":{\"@id\":\"https:\/\/excellence-esthetique.fr\/fr\/#website\"},\"primaryImageOfPage\":{\"@id\":\"https:\/\/excellence-esthetique.fr\/fr\/profiloplasties\/#primaryimage\"},\"datePublished\":\"2015-07-01T10:20:08+00:00\",\"dateModified\":\"2022-12-09T21:42:31+00:00\",\"description\":\"On appelle profiloplastie l\u2019harmonisation des zones du visage : le nez, le menton, le front, les pommettes. Le nez est souvent au centre de ce remodelage...\",\"breadcrumb\":{\"@id\":\"https:\/\/excellence-esthetique.fr\/fr\/profiloplasties\/#breadcrumb\"},\"inLanguage\":\"fr-FR\",\"potentialAction\":[{\"@type\":\"ReadAction\",\"target\":[\"https:\/\/excellence-esthetique.fr\/fr\/profiloplasties\/\"]}]},{\"@type\":\"BreadcrumbList\",\"@id\":\"https:\/\/excellence-esthetique.fr\/fr\/profiloplasties\/#breadcrumb\",\"itemListElement\":[{\"@type\":\"ListItem\",\"position\":1,\"name\":\"Chirurgie esth\u00e9tique Paris\",\"item\":\"https:\/\/excellence-esthetique.fr\/fr\"},{\"@type\":\"ListItem\",\"position\":2,\"name\":\"Profiloplastie\"}]},{\"@type\":\"PostalAddress\",\"@id\":\"https:\/\/excellence-esthetique.fr\/fr\/profiloplasties\/#local-main-place-address\",\"streetAddress\":\"138 avenue Victor Hugo\",\"addressLocality\":\"Paris\",\"postalCode\":\"75116\",\"addressCountry\":\"FR\"},{\"@type\":\"ImageObject\",\"@id\":\"https:\/\/excellence-esthetique.fr\/fr\/profiloplasties\/#local-main-organization-logo\",\"inLanguage\":\"fr-FR\",\"url\":\"https:\/\/excellence-esthetique.fr\/wp-content\/uploads\/logo.jpg\",\"contentUrl\":\"https:\/\/excellence-esthetique.fr\/wp-content\/uploads\/logo.jpg\",\"width\":600,\"height\":334,\"caption\":\"Chirurgien rhinoplastie Paris : Dr Gerbault\"}]}<\/script>\n<meta name=\"geo.placename\" content=\"Paris\" \/>\n<meta name=\"geo.position\" content=\"48.86772289599891;2.2794640614090103\" \/>\n<meta name=\"geo.region\" content=\"France\" \/>\n<!-- \/ Yoast SEO plugin. -->","yoast_head_json":{"title":"Profiloplastie \u00e0 Paris, la chirurgie du profil facial : nez, menton et front","description":"On appelle profiloplastie l\u2019harmonisation des zones du visage : le nez, le menton, le front, les pommettes. Le nez est souvent au centre de ce remodelage...","robots":{"index":"index","follow":"follow","max-snippet":"max-snippet:-1","max-image-preview":"max-image-preview:large","max-video-preview":"max-video-preview:-1"},"canonical":"https:\/\/excellence-esthetique.fr\/fr\/profiloplasties\/","og_locale":"fr_FR","og_type":"article","og_title":"Profiloplastie \u00e0 Paris, la chirurgie du profil facial : nez, menton et front","og_description":"On appelle profiloplastie l\u2019harmonisation des zones du visage : le nez, le menton, le front, les pommettes. Le nez est souvent au centre de ce remodelage...","og_url":"https:\/\/excellence-esthetique.fr\/fr\/profiloplasties\/","og_site_name":"Chirurgien rhinoplastie Paris : Dr Gerbault","article_publisher":"https:\/\/www.facebook.com\/Dr.Gerbault\/","article_modified_time":"2022-12-09T21:42:31+00:00","og_image":[{"url":"https:\/\/excellence-esthetique.fr\/wp-content\/uploads\/profiloplastie-paris.jpg"}],"twitter_card":"summary_large_image","twitter_site":"@Dr_Gerbault","twitter_misc":{"Dur\u00e9e de lecture estim\u00e9e":"5 minutes"},"schema":{"@context":"https:\/\/schema.org","@graph":[{"@type":["Organization","Place","PlasticSurgery"],"@id":"https:\/\/excellence-esthetique.fr\/fr\/#organization","name":"Chirurgien rhinoplastie Paris : Dr Gerbault","url":"https:\/\/excellence-esthetique.fr\/fr\/","sameAs":["https:\/\/www.facebook.com\/Dr.Gerbault\/","https:\/\/www.instagram.com\/dr_gerbault_rhinoplastie_paris\/","https:\/\/www.linkedin.com\/in\/oliviergerbault\/","https:\/\/www.youtube.com\/GERBOLIVIER","https:\/\/twitter.com\/Dr_Gerbault"],"logo":{"@id":"https:\/\/excellence-esthetique.fr\/fr\/profiloplasties\/#local-main-organization-logo"},"image":{"@id":"https:\/\/excellence-esthetique.fr\/fr\/profiloplasties\/#local-main-organization-logo"},"address":{"@id":"https:\/\/excellence-esthetique.fr\/fr\/profiloplasties\/#local-main-place-address"},"geo":{"@type":"GeoCoordinates","latitude":"48.86772289599891","longitude":"2.2794640614090103"},"telephone":["+33153663030","+33153663030"],"openingHoursSpecification":{"@type":"OpeningHoursSpecification","dayOfWeek":["Monday","Tuesday","Wednesday","Thursday","Friday","Saturday","Sunday"],"opens":"00:00","closes":"23:59"},"areaServed":"France","vatID":"FR54488777194","taxID":"FR54488777194","priceRange":"$$$$"},{"@type":"WebSite","@id":"https:\/\/excellence-esthetique.fr\/fr\/#website","url":"https:\/\/excellence-esthetique.fr\/fr\/","name":"Chirurgien rhinoplastie Paris : Dr Gerbault","description":"","publisher":{"@id":"https:\/\/excellence-esthetique.fr\/fr\/#organization"},"potentialAction":[{"@type":"SearchAction","target":{"@type":"EntryPoint","urlTemplate":"https:\/\/excellence-esthetique.fr\/fr\/?s={search_term_string}"},"query-input":"required name=search_term_string"}],"inLanguage":"fr-FR"},{"@type":"ImageObject","@id":"https:\/\/excellence-esthetique.fr\/fr\/profiloplasties\/#primaryimage","inLanguage":"fr-FR","url":"https:\/\/excellence-esthetique.fr\/wp-content\/uploads\/profiloplastie-paris.jpg","contentUrl":"https:\/\/excellence-esthetique.fr\/wp-content\/uploads\/profiloplastie-paris.jpg","width":408,"height":266,"caption":"profiloplastie paris"},{"@type":["WebPage","MedicalWebPage"],"@id":"https:\/\/excellence-esthetique.fr\/fr\/profiloplasties\/#webpage","url":"https:\/\/excellence-esthetique.fr\/fr\/profiloplasties\/","name":"Profiloplastie \u00e0 Paris, la chirurgie du profil facial : nez, menton et front","isPartOf":{"@id":"https:\/\/excellence-esthetique.fr\/fr\/#website"},"primaryImageOfPage":{"@id":"https:\/\/excellence-esthetique.fr\/fr\/profiloplasties\/#primaryimage"},"datePublished":"2015-07-01T10:20:08+00:00","dateModified":"2022-12-09T21:42:31+00:00","description":"On appelle profiloplastie l\u2019harmonisation des zones du visage : le nez, le menton, le front, les pommettes. Le nez est souvent au centre de ce remodelage...","breadcrumb":{"@id":"https:\/\/excellence-esthetique.fr\/fr\/profiloplasties\/#breadcrumb"},"inLanguage":"fr-FR","potentialAction":[{"@type":"ReadAction","target":["https:\/\/excellence-esthetique.fr\/fr\/profiloplasties\/"]}]},{"@type":"BreadcrumbList","@id":"https:\/\/excellence-esthetique.fr\/fr\/profiloplasties\/#breadcrumb","itemListElement":[{"@type":"ListItem","position":1,"name":"Chirurgie esth\u00e9tique Paris","item":"https:\/\/excellence-esthetique.fr\/fr"},{"@type":"ListItem","position":2,"name":"Profiloplastie"}]},{"@type":"PostalAddress","@id":"https:\/\/excellence-esthetique.fr\/fr\/profiloplasties\/#local-main-place-address","streetAddress":"138 avenue Victor Hugo","addressLocality":"Paris","postalCode":"75116","addressCountry":"FR"},{"@type":"ImageObject","@id":"https:\/\/excellence-esthetique.fr\/fr\/profiloplasties\/#local-main-organization-logo","inLanguage":"fr-FR","url":"https:\/\/excellence-esthetique.fr\/wp-content\/uploads\/logo.jpg","contentUrl":"https:\/\/excellence-esthetique.fr\/wp-content\/uploads\/logo.jpg","width":600,"height":334,"caption":"Chirurgien rhinoplastie Paris : Dr Gerbault"}]},"geo.placename":"Paris","geo.position":{"lat":"48.86772289599891","long":"2.2794640614090103"},"geo.region":"France"},"_links":{"self":[{"href":"https:\/\/excellence-esthetique.fr\/fr\/wp-json\/wp\/v2\/pages\/294"}],"collection":[{"href":"https:\/\/excellence-esthetique.fr\/fr\/wp-json\/wp\/v2\/pages"}],"about":[{"href":"https:\/\/excellence-esthetique.fr\/fr\/wp-json\/wp\/v2\/types\/page"}],"author":[{"embeddable":true,"href":"https:\/\/excellence-esthetique.fr\/fr\/wp-json\/wp\/v2\/users\/5"}],"replies":[{"embeddable":true,"href":"https:\/\/excellence-esthetique.fr\/fr\/wp-json\/wp\/v2\/comments?post=294"}],"version-history":[{"count":1,"href":"https:\/\/excellence-esthetique.fr\/fr\/wp-json\/wp\/v2\/pages\/294\/revisions"}],"predecessor-version":[{"id":24188,"href":"https:\/\/excellence-esthetique.fr\/fr\/wp-json\/wp\/v2\/pages\/294\/revisions\/24188"}],"wp:attachment":[{"href":"https:\/\/excellence-esthetique.fr\/fr\/wp-json\/wp\/v2\/media?parent=294"}],"curies":[{"name":"wp","href":"https:\/\/api.w.org\/{rel}","templated":true}]}}